{"id":19,"date":"2025-11-05T13:42:24","date_gmt":"2025-11-05T13:42:24","guid":{"rendered":"https:\/\/www.dt-studiolegale.com\/squadra\/"},"modified":"2026-04-23T11:05:12","modified_gmt":"2026-04-23T11:05:12","slug":"team","status":"publish","type":"page","link":"https:\/\/www.dt-studiolegale.com\/en\/team\/","title":{"rendered":"Team"},"content":{"rendered":"\n<div class=\"wp-block-cover alignfull has-custom-content-position is-position-bottom-center\" style=\"margin-top:0;margin-bottom:0;padding-right:var(--wp--preset--spacing--30);padding-left:var(--wp--preset--spacing--30);min-height:80vh;aspect-ratio:unset;\"><img loading=\"lazy\" decoding=\"async\" width=\"1080\" height=\"712\" class=\"wp-block-cover__image-background wp-image-171\" alt=\"\" src=\"https:\/\/www.dt-studiolegale.com\/wp-content\/uploads\/2025\/11\/image-3.jpg\" data-object-fit=\"cover\" srcset=\"https:\/\/www.dt-studiolegale.com\/wp-content\/uploads\/2025\/11\/image-3.jpg 1080w, https:\/\/www.dt-studiolegale.com\/wp-content\/uploads\/2025\/11\/image-3-300x198.jpg 300w, https:\/\/www.dt-studiolegale.com\/wp-content\/uploads\/2025\/11\/image-3-1024x675.jpg 1024w, https:\/\/www.dt-studiolegale.com\/wp-content\/uploads\/2025\/11\/image-3-768x506.jpg 768w\" sizes=\"auto, (max-width: 1080px) 100vw, 1080px\" \/><span aria-hidden=\"true\" class=\"wp-block-cover__background has-black-background-color has-background-dim-60 has-background-dim\"><\/span><div class=\"wp-block-cover__inner-container is-layout-flow wp-block-cover-is-layout-flow\">\n<div class=\"wp-block-group is-layout-constrained wp-block-group-is-layout-constrained\" style=\"padding-top:var(--wp--preset--spacing--40);padding-bottom:var(--wp--preset--spacing--60)\">\n<div class=\"wp-block-columns alignwide is-layout-flex wp-container-core-columns-is-layout-e72499ee wp-block-columns-is-layout-flex\">\n<div class=\"wp-block-column is-layout-flow wp-container-core-column-is-layout-992d2de6 wp-block-column-is-layout-flow\" style=\"padding-top:var(--wp--preset--spacing--20);padding-right:var(--wp--preset--spacing--30);padding-bottom:var(--wp--preset--spacing--20);padding-left:var(--wp--preset--spacing--30);flex-basis:60%\">\n<h1 class=\"wp-block-heading has-white-color has-text-color\">Il team Diritti e Tutele<\/h1>\n<\/div>\n\n\n\n<div class=\"wp-block-column is-layout-flow wp-block-column-is-layout-flow\" style=\"flex-basis:40%\">\n<p class=\"has-white-color has-text-color wp-block-paragraph\" style=\"padding-top:var(--wp--preset--spacing--50);padding-right:var(--wp--preset--spacing--60);font-size:17px\">Tuteliamo i diritti con competenza, impegno e visione internazionale.<br>La nostra missione \u00e8 accompagnare le persone e le istituzioni verso la giustizia, in Italia e in Europa.<\/p>\n\n\n\n<div class=\"wp-block-buttons is-content-justification-left is-layout-flex wp-container-core-buttons-is-layout-551f4ce7 wp-block-buttons-is-layout-flex\" style=\"margin-top:var(--wp--preset--spacing--30)\">\n<div class=\"wp-block-button is-style-fill\"><a class=\"wp-block-button__link has-ast-global-color-4-color has-ast-global-color-0-background-color has-text-color has-background has-link-color wp-element-button\" href=\"https:\/\/www.dt-studiolegale.com\/lo-studio\/\">Il nostro sguardo<\/a><\/div>\n<\/div>\n<\/div>\n<\/div>\n<\/div>\n<\/div><\/div>\n\n\n\n<div class=\"inherit-container-width wp-block-group alignfull has-background-background-color has-background is-layout-constrained wp-container-core-group-is-layout-0929ae8f wp-block-group-is-layout-constrained\" id=\"squadra\" style=\"margin-top:var(--wp--preset--spacing--60);margin-bottom:var(--wp--preset--spacing--60);padding-top:var(--wp--preset--spacing--30);padding-right:var(--wp--preset--spacing--30);padding-bottom:var(--wp--preset--spacing--30);padding-left:var(--wp--preset--spacing--30)\">\n<div class=\"wp-block-group alignwide is-vertical is-layout-flex wp-container-core-group-is-layout-2c90304e wp-block-group-is-layout-flex\">\n<div class=\"wp-block-group is-layout-constrained wp-block-group-is-layout-constrained\">\n<h2 class=\"wp-block-heading has-large-font-size\">Professionisti dedicati alla difesa dei tuoi diritti<\/h2>\n\n\n\n<p class=\"wp-block-paragraph\" style=\"margin-top:16px\">Incontra i professionisti appassionati che guidano le nostre iniziative legali e di advocacy.<\/p>\n<\/div>\n<\/div>\n\n\n\n<div class=\"wp-block-columns alignwide has-ast-global-color-5-background-color has-background is-layout-flex wp-container-core-columns-is-layout-7387b849 wp-block-columns-is-layout-flex\">\n<div class=\"wp-block-column is-layout-flow wp-block-column-is-layout-flow\">\n<div class=\"wp-block-cover is-light\" style=\"border-top-left-radius:12px;border-top-right-radius:12px;border-bottom-left-radius:12px;border-bottom-right-radius:12px;min-height:336px;aspect-ratio:unset;\"><img loading=\"lazy\" decoding=\"async\" width=\"1536\" height=\"1024\" class=\"wp-block-cover__image-background wp-image-865 size-full\" alt=\"Avv. Federico Di Salvo - Esperto in Diritti Umani nel contenzioso dinanzi alle Corti nazionali e sovranazionali\" src=\"https:\/\/www.dt-studiolegale.com\/wp-content\/uploads\/2026\/02\/f-disalvo-img.png\" data-object-fit=\"cover\" srcset=\"https:\/\/www.dt-studiolegale.com\/wp-content\/uploads\/2026\/02\/f-disalvo-img.png 1536w, https:\/\/www.dt-studiolegale.com\/wp-content\/uploads\/2026\/02\/f-disalvo-img-300x200.png 300w, https:\/\/www.dt-studiolegale.com\/wp-content\/uploads\/2026\/02\/f-disalvo-img-1024x683.png 1024w, https:\/\/www.dt-studiolegale.com\/wp-content\/uploads\/2026\/02\/f-disalvo-img-768x512.png 768w\" sizes=\"auto, (max-width: 1536px) 100vw, 1536px\" \/><span aria-hidden=\"true\" class=\"wp-block-cover__background has-background-dim-30 has-background-dim\" style=\"background-color:#918e8d\"><\/span><div class=\"wp-block-cover__inner-container is-layout-flow wp-block-cover-is-layout-flow\">\n<p class=\"has-text-align-center has-large-font-size wp-block-paragraph\"><\/p>\n<\/div><\/div>\n\n\n\n<h4 class=\"wp-block-heading\" style=\"margin-top:20px;margin-left:var(--wp--preset--spacing--40);font-size:20px\">Avv. Federico Di Salvo<\/h4>\n\n\n\n<p class=\"has-primary-color has-text-color has-small-font-size wp-block-paragraph\" style=\"margin-top:4px;margin-left:var(--wp--preset--spacing--40)\">Esperto in Diritti Umani nel contenzioso dinanzi alle Corti nazionali e sovranazionali<\/p>\n\n\n\n<ul class=\"wp-block-social-links has-normal-icon-size has-icon-color is-style-logos-only is-layout-flex wp-container-core-social-links-is-layout-e2672d91 wp-block-social-links-is-layout-flex\" style=\"margin-top:24px;margin-right:0;margin-left:var(--wp--preset--spacing--50)\"><li style=\"color:#0B0620\" class=\"wp-social-link wp-social-link-mail has-foreground-color wp-block-social-link\"><a href=\"mailto:a&#118;v.dis&#097;&#108;v&#111;&#064;&#100;t&#045;stu&#100;i&#111;&#108;&#101;&#103;a&#108;&#101;.&#099;o&#109;\" class=\"wp-block-social-link-anchor\"><svg width=\"24\" height=\"24\" viewBox=\"0 0 24 24\" version=\"1.1\" xmlns=\"http:\/\/www.w3.org\/2000\/svg\" aria-hidden=\"true\" focusable=\"false\"><path d=\"M19,5H5c-1.1,0-2,.9-2,2v10c0,1.1.9,2,2,2h14c1.1,0,2-.9,2-2V7c0-1.1-.9-2-2-2zm.5,12c0,.3-.2.5-.5.5H5c-.3,0-.5-.2-.5-.5V9.8l7.5,5.6,7.5-5.6V17zm0-9.1L12,13.6,4.5,7.9V7c0-.3.2-.5.5-.5h14c.3,0,.5.2.5.5v.9z\"><\/path><\/svg><span class=\"wp-block-social-link-label screen-reader-text\">Mail<\/span><\/a><\/li>\n\n<li style=\"color:#0B0620\" class=\"wp-social-link wp-social-link-linkedin has-foreground-color wp-block-social-link\"><a href=\"https:\/\/www.linkedin.com\/in\/avv-federico-di-salvo-ph-d-34578942\/\" class=\"wp-block-social-link-anchor\"><svg width=\"24\" height=\"24\" viewBox=\"0 0 24 24\" version=\"1.1\" xmlns=\"http:\/\/www.w3.org\/2000\/svg\" aria-hidden=\"true\" focusable=\"false\"><path d=\"M19.7,3H4.3C3.582,3,3,3.582,3,4.3v15.4C3,20.418,3.582,21,4.3,21h15.4c0.718,0,1.3-0.582,1.3-1.3V4.3 C21,3.582,20.418,3,19.7,3z M8.339,18.338H5.667v-8.59h2.672V18.338z M7.004,8.574c-0.857,0-1.549-0.694-1.549-1.548 c0-0.855,0.691-1.548,1.549-1.548c0.854,0,1.547,0.694,1.547,1.548C8.551,7.881,7.858,8.574,7.004,8.574z M18.339,18.338h-2.669 v-4.177c0-0.996-0.017-2.278-1.387-2.278c-1.389,0-1.601,1.086-1.601,2.206v4.249h-2.667v-8.59h2.559v1.174h0.037 c0.356-0.675,1.227-1.387,2.526-1.387c2.703,0,3.203,1.779,3.203,4.092V18.338z\"><\/path><\/svg><span class=\"wp-block-social-link-label screen-reader-text\">LinkedIn<\/span><\/a><\/li><\/ul>\n<\/div>\n\n\n\n<div class=\"wp-block-column is-layout-flow wp-block-column-is-layout-flow\">\n<h4 class=\"wp-block-heading\" style=\"margin-top:20px;font-size:20px\">Biografia<\/h4>\n\n\n\n<p class=\"has-primary-color has-text-color wp-block-paragraph\" style=\"margin-top:4px;font-size:17px\"><strong>Federico Di Salvo <\/strong>\u00e8 iscritto all\u2019Ordine degli avvocati di Firenze dal 2009 e patrocina davanti alla Corte Europea dei Diritti dell\u2019Uomo e alle Corti nazionali e Internazionali. \u00c8 Specialista in Tutela dei diritti umani e protezione internazionale ex art. 3 lett. n) D.M. 144\/2015 e abilitato al patrocinio davanti alle Magistrature Superiori. Dal 2014 al 2018 \u00e8 stato Giurista assistente alla Corte Europea dei Diritti dell\u2019Uomo di Strasburgo dove ha istruito e contribuito, tra l\u2019altro, alla decisione di migliaia di casi italiani in materia di equo processo civile e penale.<\/p>\n\n\n\n<div data-wp-context=\"{ &quot;autoclose&quot;: false, &quot;accordionItems&quot;: [] }\" data-wp-interactive=\"core\/accordion\" role=\"group\" class=\"wp-block-accordion is-layout-flow wp-block-accordion-is-layout-flow\">\n<div data-wp-class--is-open=\"state.isOpen\" data-wp-context=\"{ &quot;id&quot;: &quot;accordion-item-1&quot;, &quot;openByDefault&quot;: false }\" data-wp-init=\"callbacks.initAccordionItems\" data-wp-on-window--hashchange=\"callbacks.hashChange\" class=\"wp-block-accordion-item is-layout-flow wp-block-accordion-item-is-layout-flow\">\n<h3 class=\"wp-block-accordion-heading has-medium-font-size\"><button aria-expanded=\"false\" aria-controls=\"accordion-item-1-panel\" data-wp-bind--aria-expanded=\"state.isOpen\" data-wp-on--click=\"actions.toggle\" data-wp-on--keydown=\"actions.handleKeyDown\" id=\"accordion-item-1\" type=\"button\" class=\"wp-block-accordion-heading__toggle\"><span class=\"wp-block-accordion-heading__toggle-title\">Leggi di pi\u00f9<\/span><span class=\"wp-block-accordion-heading__toggle-icon\" aria-hidden=\"true\">+<\/span><\/button><\/h3>\n\n\n\n<div inert aria-labelledby=\"accordion-item-1\" data-wp-bind--inert=\"!state.isOpen\" id=\"accordion-item-1-panel\" role=\"region\" class=\"wp-block-accordion-panel is-layout-flow wp-block-accordion-panel-is-layout-flow\">\n<p class=\"wp-block-paragraph\">Laureatosi in Filosofia del diritto e addottoratosi in Teoria e Storia del diritto, i suoi ambiti professionali e di studio si concentrano sulla tutela dei diritti fondamentali, sul rapporto tra cittadini e potere, sulle pluralit\u00e0, sulla comparazione e coesistenza tra ordinamenti giuridici e sulle evoluzioni costituzionali dei diritti e delle libert\u00e0 in Europa. Ha svolto studi di diritto ecclesiastico e canonico e ha collaborato a pi\u00f9 riprese con i Tribunali Ecclesiastici. Si \u00e8 formato tra Firenze e Monaco di Baviera, collaborando con prestigiosi studi legali internazionali quali lo Studio amministrativistico del Prof. Avv. M.P. Chiti e gli studi Tonolli di Monaco di Baviera, e SLVB di Firenze.<\/p>\n\n\n\n<div class=\"wp-block-columns is-layout-flex wp-container-core-columns-is-layout-7387b849 wp-block-columns-is-layout-flex\">\n<div class=\"wp-block-column is-layout-flow wp-block-column-is-layout-flow\" style=\"flex-basis:100%\">\n<p class=\"wp-block-paragraph\">Dal 2013 \u00e8 Formatore in materie di argomentazione forense e di diritto internazionale dei diritti umani in numerose Universit\u00e0, Ordini e Scuole forensi. E\u2019 Cultore della materia in Diritto Internazionale all\u2019Universit\u00e0 di Siena ed \u00e8 stato Docente Incaricato dell\u2019insegnamento di Diritto Internazionale alla Scuola di Specializzazione per le Professioni Legali dell\u2019Universit\u00e0 MAGNA GRAECIA di Catanzaro. \u00c8 altres\u00ec Cultore della materia in Filosofia del diritto all\u2019Universit\u00e0 degli Studi di Firenze.<\/p>\n\n\n\n<p class=\"wp-block-paragraph\">Dal 2018 \u00e8 formatore ufficiale del programma HELP del Consiglio d\u2019Europa (Human Rights Education for Legal Professionals) e, in questo ambito, cura l\u2019adattamento all\u2019Ordinamento italiano di corsi didattici per Magistrati, professionisti e operatori giuridici sulla formazione in materia di diritto internazionale ed europeo dei diritti umani. <\/p>\n\n\n\n<p class=\"wp-block-paragraph\">Nel 2024 \u00e8 stato nominato Console Onorario della Repubblica Federale di Germania in Toscana. L\u2019esercizio delle sue funzioni diplomatico-consolari gli ha valso il premio per \u201cMiglior Console dell\u2019Anno 2024\u201d.<\/p>\n<\/div>\n<\/div>\n<\/div>\n<\/div>\n<\/div>\n<\/div>\n<\/div>\n\n\n\n<div class=\"wp-block-columns alignwide is-layout-flex wp-container-core-columns-is-layout-7387b849 wp-block-columns-is-layout-flex\">\n<div class=\"wp-block-column is-layout-flow wp-block-column-is-layout-flow\">\n<div class=\"wp-block-cover is-light\" style=\"border-top-left-radius:12px;border-top-right-radius:12px;border-bottom-left-radius:12px;border-bottom-right-radius:12px;min-height:329px;aspect-ratio:unset;\"><img loading=\"lazy\" decoding=\"async\" width=\"1201\" height=\"1600\" class=\"wp-block-cover__image-background wp-image-1144 size-full\" alt=\"Avv. Alessandro Dinisi - Esperto in Diritti Umani nel contenzioso dinanzi alle Corti sovranazionali e Diritto Civile\" src=\"https:\/\/www.dt-studiolegale.com\/wp-content\/uploads\/2026\/04\/Immagine-WhatsApp-2025-01-24-ore-14.57.24_bffd1cfa.jpg\" style=\"object-position:51% 21%\" data-object-fit=\"cover\" data-object-position=\"51% 21%\" srcset=\"https:\/\/www.dt-studiolegale.com\/wp-content\/uploads\/2026\/04\/Immagine-WhatsApp-2025-01-24-ore-14.57.24_bffd1cfa.jpg 1201w, https:\/\/www.dt-studiolegale.com\/wp-content\/uploads\/2026\/04\/Immagine-WhatsApp-2025-01-24-ore-14.57.24_bffd1cfa-225x300.jpg 225w, https:\/\/www.dt-studiolegale.com\/wp-content\/uploads\/2026\/04\/Immagine-WhatsApp-2025-01-24-ore-14.57.24_bffd1cfa-769x1024.jpg 769w, https:\/\/www.dt-studiolegale.com\/wp-content\/uploads\/2026\/04\/Immagine-WhatsApp-2025-01-24-ore-14.57.24_bffd1cfa-768x1023.jpg 768w, https:\/\/www.dt-studiolegale.com\/wp-content\/uploads\/2026\/04\/Immagine-WhatsApp-2025-01-24-ore-14.57.24_bffd1cfa-1153x1536.jpg 1153w, https:\/\/www.dt-studiolegale.com\/wp-content\/uploads\/2026\/04\/Immagine-WhatsApp-2025-01-24-ore-14.57.24_bffd1cfa-9x12.jpg 9w\" sizes=\"auto, (max-width: 1201px) 100vw, 1201px\" \/><span aria-hidden=\"true\" class=\"wp-block-cover__background has-background-dim-30 has-background-dim\" style=\"background-color:#a29c99\"><\/span><div class=\"wp-block-cover__inner-container is-layout-flow wp-block-cover-is-layout-flow\">\n<p class=\"has-text-align-center has-large-font-size wp-block-paragraph\"><\/p>\n<\/div><\/div>\n\n\n\n<h4 class=\"wp-block-heading\" style=\"margin-top:20px;margin-left:var(--wp--preset--spacing--40);font-size:20px\">Avv. Alessandro Dinisi<\/h4>\n\n\n\n<p class=\"has-primary-color has-text-color has-small-font-size wp-block-paragraph\" style=\"margin-top:4px;margin-left:var(--wp--preset--spacing--40)\">Esperto in Diritti Umani nel contenzioso dinanzi alle Corti sovranazionali e Diritto Civile<\/p>\n\n\n\n<ul class=\"wp-block-social-links has-normal-icon-size has-icon-color is-style-logos-only is-layout-flex wp-container-core-social-links-is-layout-5e81153c wp-block-social-links-is-layout-flex\" style=\"margin-top:24px;margin-left:var(--wp--preset--spacing--50)\"><li style=\"color:#0B0620\" class=\"wp-social-link wp-social-link-mail has-foreground-color wp-block-social-link\"><a href=\"mailto:avv.&#100;i&#110;&#105;s&#105;&#064;dt&#045;s&#116;udio&#108;e&#103;ale.&#099;o&#109;\" class=\"wp-block-social-link-anchor\"><svg width=\"24\" height=\"24\" viewBox=\"0 0 24 24\" version=\"1.1\" xmlns=\"http:\/\/www.w3.org\/2000\/svg\" aria-hidden=\"true\" focusable=\"false\"><path d=\"M19,5H5c-1.1,0-2,.9-2,2v10c0,1.1.9,2,2,2h14c1.1,0,2-.9,2-2V7c0-1.1-.9-2-2-2zm.5,12c0,.3-.2.5-.5.5H5c-.3,0-.5-.2-.5-.5V9.8l7.5,5.6,7.5-5.6V17zm0-9.1L12,13.6,4.5,7.9V7c0-.3.2-.5.5-.5h14c.3,0,.5.2.5.5v.9z\"><\/path><\/svg><span class=\"wp-block-social-link-label screen-reader-text\">Mail<\/span><\/a><\/li>\n\n<li style=\"color:#0B0620\" class=\"wp-social-link wp-social-link-linkedin has-foreground-color wp-block-social-link\"><a href=\"https:\/\/www.linkedin.com\/in\/alessandro-dinisi-990a242b7\" class=\"wp-block-social-link-anchor\"><svg width=\"24\" height=\"24\" viewBox=\"0 0 24 24\" version=\"1.1\" xmlns=\"http:\/\/www.w3.org\/2000\/svg\" aria-hidden=\"true\" focusable=\"false\"><path d=\"M19.7,3H4.3C3.582,3,3,3.582,3,4.3v15.4C3,20.418,3.582,21,4.3,21h15.4c0.718,0,1.3-0.582,1.3-1.3V4.3 C21,3.582,20.418,3,19.7,3z M8.339,18.338H5.667v-8.59h2.672V18.338z M7.004,8.574c-0.857,0-1.549-0.694-1.549-1.548 c0-0.855,0.691-1.548,1.549-1.548c0.854,0,1.547,0.694,1.547,1.548C8.551,7.881,7.858,8.574,7.004,8.574z M18.339,18.338h-2.669 v-4.177c0-0.996-0.017-2.278-1.387-2.278c-1.389,0-1.601,1.086-1.601,2.206v4.249h-2.667v-8.59h2.559v1.174h0.037 c0.356-0.675,1.227-1.387,2.526-1.387c2.703,0,3.203,1.779,3.203,4.092V18.338z\"><\/path><\/svg><span class=\"wp-block-social-link-label screen-reader-text\">LinkedIn<\/span><\/a><\/li><\/ul>\n<\/div>\n\n\n\n<div class=\"wp-block-column is-layout-flow wp-block-column-is-layout-flow\">\n<h4 class=\"wp-block-heading\" style=\"margin-top:20px;font-size:20px\">Biografia<\/h4>\n\n\n\n<p class=\"has-primary-color has-text-color wp-block-paragraph\" style=\"margin-top:4px;font-size:17px\"><strong>Alessandro Dinisi<\/strong> \u00e8 avvocato e si occupa di tutela dei diritti umani, contenzioso davanti alla Corte europea dei diritti dell\u2019uomo e diritto civile europeo. Assiste individui e organizzazioni in attivit\u00e0 di difesa, consulenza e strategic litigation a livello nazionale e sovranazionale.<\/p>\n\n\n\n<div data-wp-context=\"{ &quot;autoclose&quot;: false, &quot;accordionItems&quot;: [] }\" data-wp-interactive=\"core\/accordion\" role=\"group\" class=\"wp-block-accordion is-layout-flow wp-block-accordion-is-layout-flow\">\n<div data-wp-class--is-open=\"state.isOpen\" data-wp-context=\"{ &quot;id&quot;: &quot;accordion-item-2&quot;, &quot;openByDefault&quot;: false }\" data-wp-init=\"callbacks.initAccordionItems\" data-wp-on-window--hashchange=\"callbacks.hashChange\" class=\"wp-block-accordion-item is-layout-flow wp-block-accordion-item-is-layout-flow\">\n<h3 class=\"wp-block-accordion-heading has-medium-font-size\"><button aria-expanded=\"false\" aria-controls=\"accordion-item-2-panel\" data-wp-bind--aria-expanded=\"state.isOpen\" data-wp-on--click=\"actions.toggle\" data-wp-on--keydown=\"actions.handleKeyDown\" id=\"accordion-item-2\" type=\"button\" class=\"wp-block-accordion-heading__toggle\"><span class=\"wp-block-accordion-heading__toggle-title\">Leggi di pi\u00f9<\/span><span class=\"wp-block-accordion-heading__toggle-icon\" aria-hidden=\"true\">+<\/span><\/button><\/h3>\n\n\n\n<div inert aria-labelledby=\"accordion-item-2\" data-wp-bind--inert=\"!state.isOpen\" id=\"accordion-item-2-panel\" role=\"region\" class=\"wp-block-accordion-panel is-layout-flow wp-block-accordion-panel-is-layout-flow\">\n<p class=\"wp-block-paragraph\">Dal 2020 al 2025, ha svolto attivit\u00e0 di supporto giuridico presso l\u2019Avvocatura Generale dello Stato, in qualit\u00e0 di esperto a supporto dell\u2019Agente del Governo italiano dinanzi alla Corte EDU, occupandosi in particolare del contenzioso relativo al diritto di propriet\u00e0, al diritto al rispetto della vita privata e familiare, con particolare attenzione alla protezione dei dati personali, ai diritti riproduttivi e al riconoscimento dei legami di filiazione nonch\u00e9 al contenzioso in materia ambientale e climatica. In tale contesto ha maturato una conoscenza approfondita del funzionamento del sistema convenzionale e delle dinamiche del contenzioso sovranazionale. <\/p>\n\n\n\n<p class=\"wp-block-paragraph\">Dal 2020 \u00e8 dottore di ricerca in Scienze giuridiche, curriculum di Diritto privato, con un titolo di dottorato conseguito all&#8217;Universit\u00e0 di Pisa in cotutela con la UNESCO Housing Chair dell\u2019Universit\u00e0 Rovira i Virgili di Tarragona. La sua attivit\u00e0 scientifica e professionale si concentra sulla giustiziabilit\u00e0 dei diritti socioeconomici, sul diritto all\u2019abitazione e sull\u2019impatto della Convenzione europea dei diritti dell\u2019uomo sulle categorie del diritto civile. <\/p>\n\n\n\n<p class=\"wp-block-paragraph\">Da maggio 2025, si dedica a tempo pieno all\u2019attivit\u00e0 di difesa, consulenza e formazione in materia di diritti fondamentali, Stato di diritto e tutela giurisdizionale dei diritti umani, assistendo individui e organizzazioni nello sviluppo di ricorsi strategici a livello nazionale e internazionale. \u00c8 inoltre docente a contratto presso l\u2019Universit\u00e0 di Pisa. Negli anni, egli ha anche partecipato a numerosi progetti di formazione in corsi professionali per avvocati e magistrati sui temi della CEDU e del dialogo tra le Corti.<\/p>\n<\/div>\n<\/div>\n<\/div>\n<\/div>\n<\/div>\n\n\n\n<hr class=\"wp-block-separator has-alpha-channel-opacity is-style-default\" style=\"margin-top:var(--wp--preset--spacing--50);margin-bottom:var(--wp--preset--spacing--50)\"\/>\n\n\n\n<h2 class=\"wp-block-heading has-text-align-center\">Hai bisogno di una consulenza o di maggiori informazioni?<\/h2>\n\n\n\n<p class=\"has-text-align-center wp-block-paragraph\" style=\"font-size:17px\">Siamo a disposizione per ascoltarti, orientarti e trovare insieme la soluzione giuridica pi\u00f9 adatta.<\/p>\n\n\n\n<div class=\"wp-block-columns is-layout-flex wp-container-core-columns-is-layout-7387b849 wp-block-columns-is-layout-flex\">\n<div class=\"wp-block-column is-layout-flow wp-block-column-is-layout-flow\">\n<figure class=\"wp-block-image\"><img loading=\"lazy\" decoding=\"async\" width=\"1080\" height=\"720\" src=\"https:\/\/www.dt-studiolegale.com\/wp-content\/uploads\/2025\/12\/image-2.jpg\" alt=\"\" class=\"wp-image-455\" srcset=\"https:\/\/www.dt-studiolegale.com\/wp-content\/uploads\/2025\/12\/image-2.jpg 1080w, https:\/\/www.dt-studiolegale.com\/wp-content\/uploads\/2025\/12\/image-2-300x200.jpg 300w, https:\/\/www.dt-studiolegale.com\/wp-content\/uploads\/2025\/12\/image-2-1024x683.jpg 1024w, https:\/\/www.dt-studiolegale.com\/wp-content\/uploads\/2025\/12\/image-2-768x512.jpg 768w\" sizes=\"auto, (max-width: 1080px) 100vw, 1080px\" \/><\/figure>\n<\/div>\n\n\n\n<div class=\"wp-block-column is-layout-flow wp-block-column-is-layout-flow\"><div class=\"wpforms-container wpforms-block wpforms-block-795b1733-3df1-42c6-be49-5014e23d597d wpforms-render-modern\" id=\"wpforms-13\"><form id=\"wpforms-form-13\" class=\"wpforms-validate wpforms-form wpforms-ajax-form\" data-formid=\"13\" method=\"post\" enctype=\"multipart\/form-data\" action=\"\/en\/wp-json\/wp\/v2\/pages\/19\" data-token=\"0fd651f15be907afb7019936bf03ff69\" data-token-time=\"1788508830\"><noscript class=\"wpforms-error-noscript\">Please enable JavaScript in your browser to complete this form.<\/noscript><div id=\"wpforms-error-noscript\" style=\"display: none;\">Please enable JavaScript in your browser to complete this form.<\/div><div class=\"wpforms-field-container\"><div id=\"wpforms-13-field_1-container\" class=\"wpforms-field wpforms-field-name\" data-field-id=\"1\"><fieldset><legend class=\"wpforms-field-label\">Nome <span class=\"wpforms-required-label\" aria-hidden=\"true\">*<\/span><\/legend><div class=\"wpforms-field-row wpforms-field-medium\"><div class=\"wpforms-field-row-block wpforms-first wpforms-one-half\"><input type=\"text\" id=\"wpforms-13-field_1\" class=\"wpforms-field-name-first wpforms-field-required\" name=\"wpforms[fields][1][first]\" aria-errormessage=\"wpforms-13-field_1-error\" required><label for=\"wpforms-13-field_1\" class=\"wpforms-field-sublabel after\">First<\/label><\/div><div class=\"wpforms-field-row-block wpforms-one-half\"><input type=\"text\" id=\"wpforms-13-field_1-last\" class=\"wpforms-field-name-last wpforms-field-required\" name=\"wpforms[fields][1][last]\" aria-errormessage=\"wpforms-13-field_1-last-error\" required><label for=\"wpforms-13-field_1-last\" class=\"wpforms-field-sublabel after\">Last<\/label><\/div><\/div><\/fieldset><\/div><div id=\"wpforms-13-field_2-container\" class=\"wpforms-field wpforms-field-email\" data-field-id=\"2\"><label class=\"wpforms-field-label\" for=\"wpforms-13-field_2\">Email <span class=\"wpforms-required-label\" aria-hidden=\"true\">*<\/span><\/label><input type=\"email\" id=\"wpforms-13-field_2\" class=\"wpforms-field-medium wpforms-field-required\" name=\"wpforms[fields][2]\" spellcheck=\"false\" aria-errormessage=\"wpforms-13-field_2-error\" required><\/div>\t\t<div id=\"wpforms-13-field_5-container\"\n\t\t\tclass=\"wpforms-field wpforms-field-text\"\n\t\t\tdata-field-type=\"text\"\n\t\t\tdata-field-id=\"5\"\n\t\t\t>\n\t\t\t<label class=\"wpforms-field-label\" for=\"wpforms-13-field_5\" >Messaggio Email Oggetto<\/label>\n\t\t\t<input type=\"text\" id=\"wpforms-13-field_5\" class=\"wpforms-field-medium\" name=\"wpforms[fields][5]\" >\n\t\t<\/div>\n\t\t<div id=\"wpforms-13-field_4-container\" class=\"wpforms-field wpforms-field-textarea\" data-field-id=\"4\"><label class=\"wpforms-field-label\" for=\"wpforms-13-field_4\">Oggetto <span class=\"wpforms-required-label\" aria-hidden=\"true\">*<\/span><\/label><textarea id=\"wpforms-13-field_4\" class=\"wpforms-field-small wpforms-field-required\" name=\"wpforms[fields][4]\" aria-errormessage=\"wpforms-13-field_4-error\" required><\/textarea><\/div><div id=\"wpforms-13-field_3-container\" class=\"wpforms-field wpforms-field-textarea\" data-field-id=\"3\"><label class=\"wpforms-field-label\" for=\"wpforms-13-field_3\">Messaggio<\/label><textarea id=\"wpforms-13-field_3\" class=\"wpforms-field-medium\" name=\"wpforms[fields][3]\" aria-errormessage=\"wpforms-13-field_3-error\" ><\/textarea><\/div><script>\n\t\t\t\t( function() {\n\t\t\t\t\tconst style = document.createElement( 'style' );\n\t\t\t\t\tstyle.appendChild( document.createTextNode( '#wpforms-13-field_5-container { position: absolute !important; overflow: hidden !important; display: inline !important; height: 1px !important; width: 1px !important; z-index: -1000 !important; padding: 0 !important; } #wpforms-13-field_5-container input { visibility: hidden; } #wpforms-conversational-form-page #wpforms-13-field_5-container label { counter-increment: none; }' ) );\n\t\t\t\t\tdocument.head.appendChild( style );\n\t\t\t\t\tdocument.currentScript?.remove();\n\t\t\t\t} )();\n\t\t\t<\/script><\/div><!-- .wpforms-field-container --><div class=\"wpforms-submit-container\" ><input type=\"hidden\" name=\"wpforms[id]\" value=\"13\"><input type=\"hidden\" name=\"page_title\" value=\"\"><input type=\"hidden\" name=\"page_url\" value=\"https:\/\/www.dt-studiolegale.com\/en\/wp-json\/wp\/v2\/pages\/19\"><input type=\"hidden\" name=\"url_referer\" value=\"\"><button type=\"submit\" name=\"wpforms[submit]\" id=\"wpforms-submit-13\" class=\"wpforms-submit\" data-alt-text=\"Invio in corso...\" data-submit-text=\"Invia\" aria-live=\"assertive\" value=\"wpforms-submit\">Invia<\/button><img loading=\"lazy\" decoding=\"async\" src=\"https:\/\/www.dt-studiolegale.com\/wp-content\/plugins\/wpforms-lite\/assets\/images\/submit-spin.svg\" class=\"wpforms-submit-spinner\" style=\"display: none;\" width=\"26\" height=\"26\" alt=\"Loading\"><\/div><\/form><\/div>  <!-- .wpforms-container --><\/div>\n<\/div>\n<\/div>\n","protected":false},"excerpt":{"rendered":"<p>Professionisti dedicati alla difesa dei tuoi diritti Incontra i professionisti appassionati che guidano le nostre iniziative legali e di advocacy. [&hellip;]<\/p>\n","protected":false},"author":1,"featured_media":0,"parent":0,"menu_order":0,"comment_status":"closed","ping_status":"closed","template":"","meta":{"_uag_custom_page_level_css":"","site-sidebar-layout":"default","site-content-layout":"","ast-site-content-layout":"default","site-content-style":"default","site-sidebar-style":"default","ast-global-header-display":"","ast-banner-title-visibility":"","ast-main-header-display":"","ast-hfb-above-header-display":"","ast-hfb-below-header-display":"","ast-hfb-mobile-header-display":"","site-post-title":"disabled","ast-breadcrumbs-content":"","ast-featured-img":"","footer-sml-layout":"","ast-disable-related-posts":"","theme-transparent-header-meta":"","adv-header-id-meta":"","stick-header-meta":"","header-above-stick-meta":"","header-main-stick-meta":"","header-below-stick-meta":"","astra-migrate-meta-layouts":"default","ast-page-background-enabled":"default","ast-page-background-meta":{"desktop":{"background-color":"var(--ast-global-color-5)","background-image":"","background-repeat":"repeat","background-position":"center center","background-size":"auto","background-attachment":"scroll","background-type":"","background-media":"","overlay-type":"","overlay-color":"","overlay-opacity":"","overlay-gradient":""},"tablet":{"background-color":"","background-image":"","background-repeat":"repeat","background-position":"center center","background-size":"auto","background-attachment":"scroll","background-type":"","background-media":"","overlay-type":"","overlay-color":"","overlay-opacity":"","overlay-gradient":""},"mobile":{"background-color":"","background-image":"","background-repeat":"repeat","background-position":"center center","background-size":"auto","background-attachment":"scroll","background-type":"","background-media":"","overlay-type":"","overlay-color":"","overlay-opacity":"","overlay-gradient":""}},"ast-content-background-meta":{"desktop":{"background-color":"var(--ast-global-color-4)","background-image":"","background-repeat":"repeat","background-position":"center center","background-size":"auto","background-attachment":"scroll","background-type":"","background-media":"","overlay-type":"","overlay-color":"","overlay-opacity":"","overlay-gradient":""},"tablet":{"background-color":"var(--ast-global-color-4)","background-image":"","background-repeat":"repeat","background-position":"center center","background-size":"auto","background-attachment":"scroll","background-type":"","background-media":"","overlay-type":"","overlay-color":"","overlay-opacity":"","overlay-gradient":""},"mobile":{"background-color":"var(--ast-global-color-4)","background-image":"","background-repeat":"repeat","background-position":"center center","background-size":"auto","background-attachment":"scroll","background-type":"","background-media":"","overlay-type":"","overlay-color":"","overlay-opacity":"","overlay-gradient":""}},"footnotes":""},"class_list":["post-19","page","type-page","status-publish","hentry"],"yoast_head":"<!-- This site is optimized with the Yoast SEO plugin v28.3 - https:\/\/yoast.com\/product\/yoast-seo-wordpress\/ -->\n<title>Il Team | Avvocati Di Salvo e Dinisi | DT Studio Legale<\/title>\n<meta name=\"description\" content=\"Scopri il team di DT Studio Legale: avvocati specializzati in diritti umani, contenzioso davanti alla Corte EDU e tutela dei diritti in Italia e in Europa.\" \/>\n<meta name=\"robots\" content=\"index, follow, max-snippet:-1, max-image-preview:large, max-video-preview:-1\" \/>\n<link rel=\"canonical\" href=\"https:\/\/www.dt-studiolegale.com\/en\/team\/\" \/>\n<meta property=\"og:locale\" content=\"en_GB\" \/>\n<meta property=\"og:type\" content=\"article\" \/>\n<meta property=\"og:title\" content=\"Il Team | Avvocati Di Salvo e Dinisi | DT Studio Legale\" \/>\n<meta property=\"og:description\" content=\"Scopri il team di DT Studio Legale: avvocati specializzati in diritti umani, contenzioso davanti alla Corte EDU e tutela dei diritti in Italia e in Europa.\" \/>\n<meta property=\"og:url\" content=\"https:\/\/www.dt-studiolegale.com\/en\/team\/\" \/>\n<meta property=\"og:site_name\" content=\"DT Studio Legale\" \/>\n<meta property=\"article:modified_time\" content=\"2026-04-23T11:05:12+00:00\" \/>\n<meta property=\"og:image\" content=\"https:\/\/www.dt-studiolegale.com\/wp-content\/uploads\/2025\/11\/image-3.jpg\" \/>\n\t<meta property=\"og:image:width\" content=\"1080\" \/>\n\t<meta property=\"og:image:height\" content=\"712\" \/>\n\t<meta property=\"og:image:type\" content=\"image\/jpeg\" \/>\n<meta name=\"twitter:card\" content=\"summary_large_image\" \/>\n<meta name=\"twitter:label1\" content=\"Estimated reading time\" \/>\n\t<meta name=\"twitter:data1\" content=\"5 minutes\" \/>\n<script type=\"application\/ld+json\" class=\"yoast-schema-graph\">{\"@context\":\"https:\\\/\\\/schema.org\",\"@graph\":[{\"@type\":\"WebPage\",\"@id\":\"https:\\\/\\\/www.dt-studiolegale.com\\\/team\\\/\",\"url\":\"https:\\\/\\\/www.dt-studiolegale.com\\\/team\\\/\",\"name\":\"Il Team | Avvocati Di Salvo e Dinisi | DT Studio Legale\",\"isPartOf\":{\"@id\":\"https:\\\/\\\/www.dt-studiolegale.com\\\/#website\"},\"primaryImageOfPage\":{\"@id\":\"https:\\\/\\\/www.dt-studiolegale.com\\\/team\\\/#primaryimage\"},\"image\":{\"@id\":\"https:\\\/\\\/www.dt-studiolegale.com\\\/team\\\/#primaryimage\"},\"thumbnailUrl\":\"https:\\\/\\\/www.dt-studiolegale.com\\\/wp-content\\\/uploads\\\/2025\\\/11\\\/image-3.jpg\",\"datePublished\":\"2025-11-05T13:42:24+00:00\",\"dateModified\":\"2026-04-23T11:05:12+00:00\",\"description\":\"Scopri il team di DT Studio Legale: avvocati specializzati in diritti umani, contenzioso davanti alla Corte EDU e tutela dei diritti in Italia e in Europa.\",\"breadcrumb\":{\"@id\":\"https:\\\/\\\/www.dt-studiolegale.com\\\/team\\\/#breadcrumb\"},\"inLanguage\":\"en-GB\",\"potentialAction\":[{\"@type\":\"ReadAction\",\"target\":[\"https:\\\/\\\/www.dt-studiolegale.com\\\/team\\\/\"]}]},{\"@type\":\"ImageObject\",\"inLanguage\":\"en-GB\",\"@id\":\"https:\\\/\\\/www.dt-studiolegale.com\\\/team\\\/#primaryimage\",\"url\":\"https:\\\/\\\/www.dt-studiolegale.com\\\/wp-content\\\/uploads\\\/2025\\\/11\\\/image-3.jpg\",\"contentUrl\":\"https:\\\/\\\/www.dt-studiolegale.com\\\/wp-content\\\/uploads\\\/2025\\\/11\\\/image-3.jpg\"},{\"@type\":\"BreadcrumbList\",\"@id\":\"https:\\\/\\\/www.dt-studiolegale.com\\\/team\\\/#breadcrumb\",\"itemListElement\":[{\"@type\":\"ListItem\",\"position\":1,\"name\":\"Home\",\"item\":\"https:\\\/\\\/www.dt-studiolegale.com\\\/\"},{\"@type\":\"ListItem\",\"position\":2,\"name\":\"Team\"}]},{\"@type\":\"WebSite\",\"@id\":\"https:\\\/\\\/www.dt-studiolegale.com\\\/#website\",\"url\":\"https:\\\/\\\/www.dt-studiolegale.com\\\/\",\"name\":\"DT Studio Legale\",\"description\":\"Difendiamo i diritti umani in Italia e in Europa\",\"publisher\":{\"@id\":\"https:\\\/\\\/www.dt-studiolegale.com\\\/#organization\"},\"potentialAction\":[{\"@type\":\"SearchAction\",\"target\":{\"@type\":\"EntryPoint\",\"urlTemplate\":\"https:\\\/\\\/www.dt-studiolegale.com\\\/?s={search_term_string}\"},\"query-input\":{\"@type\":\"PropertyValueSpecification\",\"valueRequired\":true,\"valueName\":\"search_term_string\"}}],\"inLanguage\":\"en-GB\"},{\"@type\":\"Organization\",\"@id\":\"https:\\\/\\\/www.dt-studiolegale.com\\\/#organization\",\"name\":\"DT Studio Legale\",\"url\":\"https:\\\/\\\/www.dt-studiolegale.com\\\/\",\"logo\":{\"@type\":\"ImageObject\",\"inLanguage\":\"en-GB\",\"@id\":\"https:\\\/\\\/www.dt-studiolegale.com\\\/#\\\/schema\\\/logo\\\/image\\\/\",\"url\":\"https:\\\/\\\/www.dt-studiolegale.com\\\/wp-content\\\/uploads\\\/2025\\\/11\\\/cropped-logo-chiaro-diritti-e-tutele-studio-legale.png\",\"contentUrl\":\"https:\\\/\\\/www.dt-studiolegale.com\\\/wp-content\\\/uploads\\\/2025\\\/11\\\/cropped-logo-chiaro-diritti-e-tutele-studio-legale.png\",\"width\":500,\"height\":500,\"caption\":\"DT Studio Legale\"},\"image\":{\"@id\":\"https:\\\/\\\/www.dt-studiolegale.com\\\/#\\\/schema\\\/logo\\\/image\\\/\"}}]}<\/script>\n<!-- \/ Yoast SEO plugin. -->","yoast_head_json":{"title":"Il Team | Avvocati Di Salvo e Dinisi | DT Studio Legale","description":"Scopri il team di DT Studio Legale: avvocati specializzati in diritti umani, contenzioso davanti alla Corte EDU e tutela dei diritti in Italia e in Europa.","robots":{"index":"index","follow":"follow","max-snippet":"max-snippet:-1","max-image-preview":"max-image-preview:large","max-video-preview":"max-video-preview:-1"},"canonical":"https:\/\/www.dt-studiolegale.com\/en\/team\/","og_locale":"en_GB","og_type":"article","og_title":"Il Team | Avvocati Di Salvo e Dinisi | DT Studio Legale","og_description":"Scopri il team di DT Studio Legale: avvocati specializzati in diritti umani, contenzioso davanti alla Corte EDU e tutela dei diritti in Italia e in Europa.","og_url":"https:\/\/www.dt-studiolegale.com\/en\/team\/","og_site_name":"DT Studio Legale","article_modified_time":"2026-04-23T11:05:12+00:00","og_image":[{"width":1080,"height":712,"url":"https:\/\/www.dt-studiolegale.com\/wp-content\/uploads\/2025\/11\/image-3.jpg","type":"image\/jpeg"}],"twitter_card":"summary_large_image","twitter_misc":{"Estimated reading time":"5 minutes"},"schema":{"@context":"https:\/\/schema.org","@graph":[{"@type":"WebPage","@id":"https:\/\/www.dt-studiolegale.com\/team\/","url":"https:\/\/www.dt-studiolegale.com\/team\/","name":"Il Team | Avvocati Di Salvo e Dinisi | DT Studio Legale","isPartOf":{"@id":"https:\/\/www.dt-studiolegale.com\/#website"},"primaryImageOfPage":{"@id":"https:\/\/www.dt-studiolegale.com\/team\/#primaryimage"},"image":{"@id":"https:\/\/www.dt-studiolegale.com\/team\/#primaryimage"},"thumbnailUrl":"https:\/\/www.dt-studiolegale.com\/wp-content\/uploads\/2025\/11\/image-3.jpg","datePublished":"2025-11-05T13:42:24+00:00","dateModified":"2026-04-23T11:05:12+00:00","description":"Scopri il team di DT Studio Legale: avvocati specializzati in diritti umani, contenzioso davanti alla Corte EDU e tutela dei diritti in Italia e in Europa.","breadcrumb":{"@id":"https:\/\/www.dt-studiolegale.com\/team\/#breadcrumb"},"inLanguage":"en-GB","potentialAction":[{"@type":"ReadAction","target":["https:\/\/www.dt-studiolegale.com\/team\/"]}]},{"@type":"ImageObject","inLanguage":"en-GB","@id":"https:\/\/www.dt-studiolegale.com\/team\/#primaryimage","url":"https:\/\/www.dt-studiolegale.com\/wp-content\/uploads\/2025\/11\/image-3.jpg","contentUrl":"https:\/\/www.dt-studiolegale.com\/wp-content\/uploads\/2025\/11\/image-3.jpg"},{"@type":"BreadcrumbList","@id":"https:\/\/www.dt-studiolegale.com\/team\/#breadcrumb","itemListElement":[{"@type":"ListItem","position":1,"name":"Home","item":"https:\/\/www.dt-studiolegale.com\/"},{"@type":"ListItem","position":2,"name":"Team"}]},{"@type":"WebSite","@id":"https:\/\/www.dt-studiolegale.com\/#website","url":"https:\/\/www.dt-studiolegale.com\/","name":"DT Studio Legale","description":"Difendiamo i diritti umani in Italia e in Europa","publisher":{"@id":"https:\/\/www.dt-studiolegale.com\/#organization"},"potentialAction":[{"@type":"SearchAction","target":{"@type":"EntryPoint","urlTemplate":"https:\/\/www.dt-studiolegale.com\/?s={search_term_string}"},"query-input":{"@type":"PropertyValueSpecification","valueRequired":true,"valueName":"search_term_string"}}],"inLanguage":"en-GB"},{"@type":"Organization","@id":"https:\/\/www.dt-studiolegale.com\/#organization","name":"DT Studio Legale","url":"https:\/\/www.dt-studiolegale.com\/","logo":{"@type":"ImageObject","inLanguage":"en-GB","@id":"https:\/\/www.dt-studiolegale.com\/#\/schema\/logo\/image\/","url":"https:\/\/www.dt-studiolegale.com\/wp-content\/uploads\/2025\/11\/cropped-logo-chiaro-diritti-e-tutele-studio-legale.png","contentUrl":"https:\/\/www.dt-studiolegale.com\/wp-content\/uploads\/2025\/11\/cropped-logo-chiaro-diritti-e-tutele-studio-legale.png","width":500,"height":500,"caption":"DT Studio Legale"},"image":{"@id":"https:\/\/www.dt-studiolegale.com\/#\/schema\/logo\/image\/"}}]}},"uagb_featured_image_src":{"full":false,"thumbnail":false,"medium":false,"medium_large":false,"large":false,"1536x1536":false,"2048x2048":false,"trp-custom-language-flag":false},"uagb_author_info":{"display_name":"Gestore","author_link":"https:\/\/www.dt-studiolegale.com\/en\/author\/wp_12189562\/"},"uagb_comment_info":0,"uagb_excerpt":"Professionisti dedicati alla difesa dei tuoi diritti Incontra i professionisti appassionati che guidano le nostre iniziative legali e di advocacy. [&hellip;]","_links":{"self":[{"href":"https:\/\/www.dt-studiolegale.com\/en\/wp-json\/wp\/v2\/pages\/19","targetHints":{"allow":["GET"]}}],"collection":[{"href":"https:\/\/www.dt-studiolegale.com\/en\/wp-json\/wp\/v2\/pages"}],"about":[{"href":"https:\/\/www.dt-studiolegale.com\/en\/wp-json\/wp\/v2\/types\/page"}],"author":[{"embeddable":true,"href":"https:\/\/www.dt-studiolegale.com\/en\/wp-json\/wp\/v2\/users\/1"}],"replies":[{"embeddable":true,"href":"https:\/\/www.dt-studiolegale.com\/en\/wp-json\/wp\/v2\/comments?post=19"}],"version-history":[{"count":44,"href":"https:\/\/www.dt-studiolegale.com\/en\/wp-json\/wp\/v2\/pages\/19\/revisions"}],"predecessor-version":[{"id":1149,"href":"https:\/\/www.dt-studiolegale.com\/en\/wp-json\/wp\/v2\/pages\/19\/revisions\/1149"}],"wp:attachment":[{"href":"https:\/\/www.dt-studiolegale.com\/en\/wp-json\/wp\/v2\/media?parent=19"}],"curies":[{"name":"wp","href":"https:\/\/api.w.org\/{rel}","templated":true}]}}