{"id":20,"date":"2025-11-05T13:42:25","date_gmt":"2025-11-05T13:42:25","guid":{"rendered":"https:\/\/www.dt-studiolegale.com\/home\/"},"modified":"2026-03-25T13:43:37","modified_gmt":"2026-03-25T13:43:37","slug":"home","status":"publish","type":"page","link":"https:\/\/www.dt-studiolegale.com\/en\/","title":{"rendered":"Home"},"content":{"rendered":"\n<div class=\"wp-block-cover alignfull has-custom-content-position is-position-bottom-center\" style=\"margin-top:0;margin-bottom:0;padding-right:var(--wp--preset--spacing--30);padding-left:var(--wp--preset--spacing--30);min-height:80vh;aspect-ratio:unset;\"><img loading=\"lazy\" decoding=\"async\" width=\"1440\" height=\"961\" class=\"wp-block-cover__image-background wp-image-57\" alt=\"Studio legale specializzato nella tutela dei diritti umani\" src=\"https:\/\/www.dt-studiolegale.com\/wp-content\/uploads\/2025\/11\/44abe61615c2c5b02f5ecb10857d5d424d71dbc9.jpg\" data-object-fit=\"cover\" srcset=\"https:\/\/www.dt-studiolegale.com\/wp-content\/uploads\/2025\/11\/44abe61615c2c5b02f5ecb10857d5d424d71dbc9.jpg 1440w, https:\/\/www.dt-studiolegale.com\/wp-content\/uploads\/2025\/11\/44abe61615c2c5b02f5ecb10857d5d424d71dbc9-300x200.jpg 300w, https:\/\/www.dt-studiolegale.com\/wp-content\/uploads\/2025\/11\/44abe61615c2c5b02f5ecb10857d5d424d71dbc9-1024x683.jpg 1024w, https:\/\/www.dt-studiolegale.com\/wp-content\/uploads\/2025\/11\/44abe61615c2c5b02f5ecb10857d5d424d71dbc9-768x513.jpg 768w\" sizes=\"auto, (max-width: 1440px) 100vw, 1440px\" \/><span aria-hidden=\"true\" class=\"wp-block-cover__background has-black-background-color has-background-dim-60 has-background-dim\"><\/span><div class=\"wp-block-cover__inner-container is-layout-flow wp-block-cover-is-layout-flow\">\n<div class=\"wp-block-group is-layout-constrained wp-block-group-is-layout-constrained\" style=\"padding-top:var(--wp--preset--spacing--40);padding-bottom:var(--wp--preset--spacing--60)\">\n<div class=\"wp-block-columns alignwide is-layout-flex wp-container-core-columns-is-layout-e72499ee wp-block-columns-is-layout-flex\">\n<div class=\"wp-block-column is-layout-flow wp-container-core-column-is-layout-992d2de6 wp-block-column-is-layout-flow\" style=\"padding-top:var(--wp--preset--spacing--20);padding-right:var(--wp--preset--spacing--30);padding-bottom:var(--wp--preset--spacing--20);padding-left:var(--wp--preset--spacing--30);flex-basis:60%\">\n<h1 class=\"wp-block-heading has-white-color has-text-color\">Studio legale per la tutela dei diritti umani in Italia e in Europa<\/h1>\n<\/div>\n\n\n\n<div class=\"wp-block-column is-layout-flow wp-block-column-is-layout-flow\" style=\"flex-basis:40%\">\n<p class=\"has-white-color has-text-color wp-block-paragraph\" style=\"padding-top:var(--wp--preset--spacing--50);padding-right:var(--wp--preset--spacing--60);font-size:17px\">Difendiamo i diritti fondamentali con competenza e passione. Assistiamo persone, organizzazioni e istituzioni nella promozione della giustizia e nella tutela della dignit\u00e0 umana, in Italia e di fronte alle Corti europee e internazionali.<\/p>\n\n\n\n<div class=\"wp-block-buttons is-content-justification-left is-layout-flex wp-container-core-buttons-is-layout-551f4ce7 wp-block-buttons-is-layout-flex\" style=\"margin-top:var(--wp--preset--spacing--30)\">\n<div class=\"wp-block-button is-style-fill\"><a class=\"wp-block-button__link has-ast-global-color-4-color has-ast-global-color-0-background-color has-text-color has-background has-link-color wp-element-button\" href=\"https:\/\/www.dt-studiolegale.com\/team\/\">Scopri chi siamo<\/a><\/div>\n<\/div>\n<\/div>\n<\/div>\n<\/div>\n<\/div><\/div>\n\n\n\n<div class=\"inherit-container-width wp-block-group alignfull has-ast-global-color-7-background-color has-background is-layout-constrained wp-container-core-group-is-layout-8f036d2d wp-block-group-is-layout-constrained\" id=\"chi-siamo\" style=\"margin-top:0;margin-bottom:0;padding-top:var(--wp--preset--spacing--20);padding-right:var(--wp--preset--spacing--60);padding-bottom:var(--wp--preset--spacing--20);padding-left:var(--wp--preset--spacing--60)\">\n<blockquote class=\"wp-block-quote is-layout-flow wp-block-quote-is-layout-flow\">\n<p class=\"has-text-align-center wp-block-paragraph\" style=\"margin-top:16px;font-size:17px\"><em>Tutti gli esseri umani nascono liberi ed eguali in dignit\u00e0 e diritti. Essi sono dotati di ragione e di coscienza e devono agire gli uni verso gli altri in spirito di fratellanza.<\/em><br>(Dichiarazione Universale dei Diritti Umani, Articolo 1 &#8211; Parigi, 1948)<\/p>\n<\/blockquote>\n\n\n\n<div class=\"wp-block-columns is-layout-flex wp-container-core-columns-is-layout-4501c592 wp-block-columns-is-layout-flex\" style=\"margin-top:var(--wp--preset--spacing--40);margin-bottom:var(--wp--preset--spacing--40)\">\n<div class=\"wp-block-column service-box link-difesa is-layout-flow wp-container-core-column-is-layout-d0c1e37d wp-block-column-is-layout-flow\" style=\"padding-top:0;padding-bottom:0\">\n<figure class=\"wp-block-image size-full class=&quot;wp-block-image is-style-rounded service-icon&quot;\"><img loading=\"lazy\" decoding=\"async\" width=\"500\" height=\"500\" src=\"https:\/\/www.dt-studiolegale.com\/wp-content\/uploads\/2025\/11\/30-1.png\" alt=\"Difesa dei diritti umani davanti alle corti nazionali ed europee\" class=\"wp-image-117\" style=\"box-shadow:none\" srcset=\"https:\/\/www.dt-studiolegale.com\/wp-content\/uploads\/2025\/11\/30-1.png 500w, https:\/\/www.dt-studiolegale.com\/wp-content\/uploads\/2025\/11\/30-1-300x300.png 300w, https:\/\/www.dt-studiolegale.com\/wp-content\/uploads\/2025\/11\/30-1-150x150.png 150w\" sizes=\"auto, (max-width: 500px) 100vw, 500px\" \/><\/figure>\n\n\n\n<h4 class=\"wp-block-heading has-text-align-center\">Difesa<\/h4>\n\n\n\n<p class=\"has-text-align-center has-small-font-size wp-block-paragraph\">Assistenza tecnica in giudizio, giudizi dinanzi alle Corti Europee e internazionali per i diritti umani, ricorsi a Strasburgo, affiancamento nelle difese davanti alle Corti di merito e Supreme giurisdizioni per la tutela dei diritti costituzionali.<\/p>\n<\/div>\n\n\n\n<div class=\"wp-block-column service-box link-consulenza is-layout-flow wp-container-core-column-is-layout-d0c1e37d wp-block-column-is-layout-flow\" style=\"padding-top:0;padding-bottom:0\">\n<figure class=\"wp-block-image size-full class=&quot;wp-block-image is-style-rounded service-icon&quot;\"><img loading=\"lazy\" decoding=\"async\" width=\"500\" height=\"500\" src=\"https:\/\/www.dt-studiolegale.com\/wp-content\/uploads\/2025\/11\/28-1.png\" alt=\"Consulenza legale in materia di diritti umani e diritti fondamentali\" class=\"wp-image-115\" style=\"box-shadow:none\" srcset=\"https:\/\/www.dt-studiolegale.com\/wp-content\/uploads\/2025\/11\/28-1.png 500w, https:\/\/www.dt-studiolegale.com\/wp-content\/uploads\/2025\/11\/28-1-300x300.png 300w, https:\/\/www.dt-studiolegale.com\/wp-content\/uploads\/2025\/11\/28-1-150x150.png 150w\" sizes=\"auto, (max-width: 500px) 100vw, 500px\" \/><\/figure>\n\n\n\n<h4 class=\"wp-block-heading has-text-align-center\">Consulenza<\/h4>\n\n\n\n<p class=\"has-text-align-center has-small-font-size wp-block-paragraph\">Tecniche di difesa, assistenza a Imprese, Studi e Individui su Ambiente, Etica, Tecnologie. Sinergie per garantire standard minimi di tutela, con uno sguardo sempre rivolto alla persona.<\/p>\n<\/div>\n\n\n\n<div class=\"wp-block-column service-box link-formazione is-layout-flow wp-container-core-column-is-layout-d0c1e37d wp-block-column-is-layout-flow\" style=\"padding-top:0;padding-bottom:0\">\n<figure class=\"wp-block-image size-full class=&quot;wp-block-image is-style-rounded service-icon&quot;\"><img loading=\"lazy\" decoding=\"async\" width=\"500\" height=\"500\" src=\"https:\/\/www.dt-studiolegale.com\/wp-content\/uploads\/2025\/11\/29-1.png\" alt=\"Formazione sui diritti umani per operatori del diritto e istituzioni\" class=\"wp-image-116\" style=\"box-shadow:none\" srcset=\"https:\/\/www.dt-studiolegale.com\/wp-content\/uploads\/2025\/11\/29-1.png 500w, https:\/\/www.dt-studiolegale.com\/wp-content\/uploads\/2025\/11\/29-1-300x300.png 300w, https:\/\/www.dt-studiolegale.com\/wp-content\/uploads\/2025\/11\/29-1-150x150.png 150w\" sizes=\"auto, (max-width: 500px) 100vw, 500px\" \/><\/figure>\n\n\n\n<h4 class=\"wp-block-heading has-text-align-center\">Formazione<\/h4>\n\n\n\n<p class=\"has-text-align-center has-small-font-size wp-block-paragraph\">Diffondiamo la cultura dei diritti umani attraverso corsi e seminari specializzati per operatori del diritto, istituzioni, associazioni, scuole e giovani.<\/p>\n<\/div>\n\n\n\n<div class=\"wp-block-column service-box link-advocacy is-layout-flow wp-container-core-column-is-layout-d0c1e37d wp-block-column-is-layout-flow\" style=\"padding-top:0;padding-bottom:0\">\n<figure class=\"wp-block-image size-full is-style-rounded\" id=\"class=&quot;wp-block-image-is-style-rounded-service-icon&quot;\"><img loading=\"lazy\" decoding=\"async\" width=\"500\" height=\"500\" src=\"https:\/\/www.dt-studiolegale.com\/wp-content\/uploads\/2025\/11\/31-1.png\" alt=\"Advocacy per la tutela dei diritti fondamentali\" class=\"wp-image-118\" style=\"box-shadow:none\" srcset=\"https:\/\/www.dt-studiolegale.com\/wp-content\/uploads\/2025\/11\/31-1.png 500w, https:\/\/www.dt-studiolegale.com\/wp-content\/uploads\/2025\/11\/31-1-300x300.png 300w, https:\/\/www.dt-studiolegale.com\/wp-content\/uploads\/2025\/11\/31-1-150x150.png 150w\" sizes=\"auto, (max-width: 500px) 100vw, 500px\" \/><\/figure>\n\n\n\n<h4 class=\"wp-block-heading has-text-align-center\">Advocacy<\/h4>\n\n\n\n<p class=\"has-text-align-center has-small-font-size wp-block-paragraph\">Promuoviamo politiche e pratiche che rafforzano la tutela dei diritti fondamentali. Facciamo sentire la voce di chi si batte per i diritti umani tramite campagne e interventi <em>Amicus Curiae<\/em> nelle cause strategiche.<\/p>\n<\/div>\n\n\n\n<div class=\"wp-block-column service-box link-strategic is-layout-flow wp-container-core-column-is-layout-d0c1e37d wp-block-column-is-layout-flow\" style=\"padding-top:0;padding-bottom:0\">\n<figure class=\"wp-block-image size-full class=&quot;wp-block-image is-style-rounded service-icon&quot;\"><img loading=\"lazy\" decoding=\"async\" width=\"500\" height=\"500\" src=\"https:\/\/www.dt-studiolegale.com\/wp-content\/uploads\/2025\/11\/32-1.png\" alt=\"Strategic litigation per la tutela dei diritti umani\" class=\"wp-image-120\" style=\"box-shadow:none\" srcset=\"https:\/\/www.dt-studiolegale.com\/wp-content\/uploads\/2025\/11\/32-1.png 500w, https:\/\/www.dt-studiolegale.com\/wp-content\/uploads\/2025\/11\/32-1-300x300.png 300w, https:\/\/www.dt-studiolegale.com\/wp-content\/uploads\/2025\/11\/32-1-150x150.png 150w\" sizes=\"auto, (max-width: 500px) 100vw, 500px\" \/><\/figure>\n\n\n\n<h4 class=\"wp-block-heading has-text-align-center\">Strategic Litigation<\/h4>\n\n\n\n<p class=\"has-text-align-center has-small-font-size wp-block-paragraph\">Usiamo il diritto come strumento di cambiamento sociale. Promuoviamo azioni giudiziali nell\u2019interesse della collettivit\u00e0 per l\u2019avanzamento dei diritti in Europa.<\/p>\n<\/div>\n<\/div>\n<\/div>\n\n\n\n<div class=\"wp-block-columns has-ast-global-color-1-background-color has-background is-layout-flex wp-container-core-columns-is-layout-7387b849 wp-block-columns-is-layout-flex\">\n<div class=\"wp-block-column is-layout-flow wp-block-column-is-layout-flow\">\n<div class=\"wp-block-cover\"><img loading=\"lazy\" decoding=\"async\" width=\"1024\" height=\"683\" class=\"wp-block-cover__image-background wp-image-143\" alt=\"DT Studio Legale per la tutela dei diritti umani\" src=\"https:\/\/www.dt-studiolegale.com\/wp-content\/uploads\/2025\/11\/pexels-fauxels-3183197-1024x683.jpg\" data-object-fit=\"cover\" srcset=\"https:\/\/www.dt-studiolegale.com\/wp-content\/uploads\/2025\/11\/pexels-fauxels-3183197-1024x683.jpg 1024w, https:\/\/www.dt-studiolegale.com\/wp-content\/uploads\/2025\/11\/pexels-fauxels-3183197-300x200.jpg 300w, https:\/\/www.dt-studiolegale.com\/wp-content\/uploads\/2025\/11\/pexels-fauxels-3183197-768x513.jpg 768w, https:\/\/www.dt-studiolegale.com\/wp-content\/uploads\/2025\/11\/pexels-fauxels-3183197-1536x1025.jpg 1536w, https:\/\/www.dt-studiolegale.com\/wp-content\/uploads\/2025\/11\/pexels-fauxels-3183197-2048x1367.jpg 2048w\" sizes=\"auto, (max-width: 1024px) 100vw, 1024px\" \/><span aria-hidden=\"true\" class=\"wp-block-cover__background has-background-dim\"><\/span><div class=\"wp-block-cover__inner-container is-layout-flow wp-block-cover-is-layout-flow\">\n<h2 class=\"wp-block-heading has-text-align-left has-ast-global-color-4-color has-text-color has-link-color has-large-font-size wp-elements-3d8f0cf96b1623426896c5ff293e8bb8\"><\/h2>\n<\/div><\/div>\n<\/div>\n\n\n\n<div class=\"wp-block-column is-layout-flow wp-block-column-is-layout-flow\">\n<h2 class=\"wp-block-heading has-ast-global-color-7-color has-text-color has-link-color wp-elements-de34af5c030f978e4182d85d129482c2\">Lo Studio<\/h2>\n\n\n\n<p class=\"has-ast-global-color-7-color has-text-color has-link-color wp-elements-6761a8fe8a775f8151414948b10de4f3 wp-block-paragraph\" style=\"font-size:17px\">DT Studio Legale nasce dalla convinzione che i diritti umani siano il principale presidio di tutela della persona in Italia e in Europa.<\/p>\n\n\n\n<p class=\"has-ast-global-color-7-color has-text-color has-link-color wp-elements-8940299e9f548a764beb868cf6ba6f77 wp-block-paragraph\" style=\"font-size:17px\">La nostra missione \u00e8 rendere effettivo l\u2019accesso alla giustizia per chiunque si ritenga vittima di una violazione di un suo diritto fondamentale.<\/p>\n\n\n\n<div class=\"wp-block-buttons has-custom-font-size is-layout-flex wp-block-buttons-is-layout-flex\" style=\"font-size:17px\">\n<div class=\"wp-block-button is-style-outline is-style-outline--1\"><a class=\"wp-block-button__link has-custom-font-size wp-element-button\" href=\"https:\/\/www.dt-studiolegale.com\/lo-studio\/\" style=\"border-width:4px;font-size:17px\">Scopri di pi\u00f9<\/a><\/div>\n<\/div>\n<\/div>\n<\/div>\n\n\n\n<section class=\"wp-block-group alignwide has-ast-global-color-6-background-color has-background is-layout-constrained wp-block-group-is-layout-constrained\">\n<h2 class=\"wp-block-heading\">Materie di competenza<\/h2>\n\n\n\n<p class=\"wp-block-paragraph\">Nel corso della sua esperienza professionale lo Studio ha applicato con successo l\u2019approccio <em>human rights oriented<\/em> nella seguente casistica.<\/p>\n\n\n\n<div class=\"wp-block-uagb-container mosaico-competenze uagb-block-46eacdaa alignfull uagb-is-root-container\"><div class=\"uagb-container-inner-blocks-wrap\">\n<section class=\"wp-block-uagb-container mosaico-competenze uagb-layout-grid uagb-block-46b4d46a\">\n<div class=\"wp-block-uagb-container materia-box uagb-block-d2d9b402\">\n<div class=\"wp-block-uagb-container materia-content uagb-block-634edb11\">\n<div class=\"wp-block-uagb-advanced-heading uagb-block-bb3b8ecd\"><h2 class=\"uagb-heading-text\">Diritto e processo penale<\/h2><\/div>\n\n\n\n<div class=\"wp-block-uagb-info-box uagb-block-d6127989 uagb-infobox__content-wrap  uagb-infobox-icon-above-title uagb-infobox-image-valign-top dettaglio-penale\"><div class=\"uagb-ifb-content\"><div class=\"uagb-ifb-title-wrap\"><\/div><p class=\"uagb-ifb-desc\">o Violenza domestica<br>o Reati contro la persona<br>o Reati contro il patrimonio<br>o Tutela della vittima, della persona offesa e delle parti civili<br>o Garanzie dell\u2019imputato nel processo<br>o Confische<br>o Estradizioni<br>o<em> Ne bis in idem<\/em><br>o Revisioni e rescissioni del giudicato penale<br>o Riabilitazione penale<\/p><\/div><\/div>\n<\/div>\n<\/div>\n\n\n\n<div class=\"wp-block-uagb-container materia-box uagb-block-773e67d3\">\n<div class=\"wp-block-uagb-container materia-content uagb-block-da323a7a\">\n<div class=\"wp-block-uagb-advanced-heading uagb-block-62e7e1d4\"><h2 class=\"uagb-heading-text\">Ambiente e Salute<\/h2><\/div>\n\n\n\n<div class=\"wp-block-uagb-info-box uagb-block-fc8da17c uagb-infobox__content-wrap  uagb-infobox-icon-above-title uagb-infobox-image-valign-top dettaglio-penale\"><div class=\"uagb-ifb-content\"><div class=\"uagb-ifb-title-wrap\"><\/div><p class=\"uagb-ifb-desc\">o Negligenza medica e danno alla salute<br>o Ambiente e cambiamento climatico<br>o Consenso informato<br>o Accesso ai servizi sanitari<br>o Misure COVID-19<\/p><\/div><\/div>\n<\/div>\n<\/div>\n\n\n\n<div class=\"wp-block-uagb-container materia-box uagb-layout-flex uagb-block-7794afe6\">\n<div class=\"wp-block-uagb-container materia-content uagb-block-bf86b794\">\n<div class=\"wp-block-uagb-advanced-heading uagb-block-aea1c98d\"><h2 class=\"uagb-heading-text\">Famiglia<\/h2><\/div>\n\n\n\n<div class=\"wp-block-uagb-info-box uagb-block-8d86e8cc uagb-infobox__content-wrap  uagb-infobox-icon-above-title uagb-infobox-image-valign-top dettaglio-penale\"><div class=\"uagb-ifb-content\"><div class=\"uagb-ifb-title-wrap\"><\/div><p class=\"uagb-ifb-desc\">o Diritti riproduttivi e filiazione<br>o Amministrazione di sostegno<br>o Diritti di visita<br>o Diritti dei minori<br>o Violenza domestica<br>o Separazioni e divorzi<\/p><\/div><\/div>\n<\/div>\n<\/div>\n\n\n\n<div class=\"wp-block-uagb-container materia-box uagb-block-f991d698\">\n<div class=\"wp-block-uagb-container materia-content uagb-block-70d710be\">\n<div class=\"wp-block-uagb-advanced-heading uagb-block-2432f3e9\"><h2 class=\"uagb-heading-text\">Tutela della persona<\/h2><\/div>\n\n\n\n<div class=\"wp-block-uagb-info-box uagb-block-78297a9d uagb-infobox__content-wrap  uagb-infobox-icon-above-title uagb-infobox-image-valign-top dettaglio-penale\"><div class=\"uagb-ifb-content\"><div class=\"uagb-ifb-title-wrap\"><\/div><p class=\"uagb-ifb-desc\">o Dati personali<br>o Domicilio e abitazione<br>o Diritto al nome e all\u2019immagine<br>o Tutela dei testimoni di giustizia<br>o Diritto antidiscriminatorio<br>o Diritti elettorali<\/p><\/div><\/div>\n<\/div>\n<\/div>\n\n\n\n<div class=\"wp-block-uagb-container materia-box uagb-block-4ccd24a9\">\n<div class=\"wp-block-uagb-container materia-content uagb-block-94abbd87\">\n<div class=\"wp-block-uagb-advanced-heading uagb-block-4a46a866\"><h2 class=\"uagb-heading-text\">Lavoro<\/h2><\/div>\n\n\n\n<div class=\"wp-block-uagb-info-box uagb-block-778ae7a2 uagb-infobox__content-wrap  uagb-infobox-icon-above-title uagb-infobox-image-valign-top dettaglio-penale\"><div class=\"uagb-ifb-content\"><div class=\"uagb-ifb-title-wrap\"><\/div><p class=\"uagb-ifb-desc\">o Vita professionale e diritti dei lavoratori<br>o Sanzioni disciplinari<br>o Tutele sindacali e di categoria<br>o Demansionamento<br>o Assistenza e previdenza sociale<\/p><\/div><\/div>\n<\/div>\n<\/div>\n\n\n\n<div class=\"wp-block-uagb-container materia-box uagb-block-eebb5621\">\n<div class=\"wp-block-uagb-container materia-content uagb-block-69c183e7\">\n<div class=\"wp-block-uagb-advanced-heading uagb-block-e53bcc57\"><h2 class=\"uagb-heading-text\">Tutela del patrimonio<\/h2><\/div>\n\n\n\n<div class=\"wp-block-uagb-info-box uagb-block-859dd341 uagb-infobox__content-wrap  uagb-infobox-icon-above-title uagb-infobox-image-valign-top dettaglio-penale\"><div class=\"uagb-ifb-content\"><div class=\"uagb-ifb-title-wrap\"><\/div><p class=\"uagb-ifb-desc\">o Espropriazioni<br>o Confische<br>o Tutela dei crediti nei confronti della PA<br>o Propriet\u00e0 intellettuale (brevetti e marchi)<br>o Responsabilit\u00e0 civile<\/p><\/div><\/div>\n<\/div>\n<\/div>\n\n\n\n<div class=\"wp-block-uagb-container materia-box uagb-block-8c4c9ceb\">\n<div class=\"wp-block-uagb-container materia-content uagb-block-c21aa0c2\">\n<div class=\"wp-block-uagb-advanced-heading uagb-block-b9322057\"><h2 class=\"uagb-heading-text\">Diritto amministrativo<\/h2><\/div>\n\n\n\n<div class=\"wp-block-uagb-info-box uagb-block-3401830d uagb-infobox__content-wrap  uagb-infobox-icon-above-title uagb-infobox-image-valign-top dettaglio-penale\"><div class=\"uagb-ifb-content\"><div class=\"uagb-ifb-title-wrap\"><\/div><p class=\"uagb-ifb-desc\">o Beni culturali<br>o Lavoro alle dipendenze della P.A.<br>o Espropri<br>o Sanzioni amministrative<br>o Responsabilit\u00e0 erariale<br>o Interdittive antimafia e autorizzazioni di polizia<br>o Concessioni pubbliche<\/p><\/div><\/div>\n<\/div>\n<\/div>\n\n\n\n<div class=\"wp-block-uagb-container materia-box uagb-block-7241acd2\">\n<div class=\"wp-block-uagb-container materia-content uagb-block-e80ca4a0\">\n<div class=\"wp-block-uagb-advanced-heading uagb-block-5636600c\"><h2 class=\"uagb-heading-text\">Giusto processo civile<\/h2><\/div>\n\n\n\n<div class=\"wp-block-uagb-info-box uagb-block-e6819511 uagb-infobox__content-wrap  uagb-infobox-icon-above-title uagb-infobox-image-valign-top dettaglio-penale\"><div class=\"uagb-ifb-content\"><div class=\"uagb-ifb-title-wrap\"><\/div><p class=\"uagb-ifb-desc\">o Eccessiva durata del processo<br>o Accesso alla giustizia<br>o Ordinamento giudiziario e responsabilit\u00e0 professionale dei magistrati<br>o Garanzie delle parti nel processo civile<\/p><\/div><\/div>\n<\/div>\n<\/div>\n\n\n\n<div class=\"wp-block-uagb-container materia-box uagb-block-37c04be4\">\n<div class=\"wp-block-uagb-container materia-content uagb-block-7f9fd140\">\n<div class=\"wp-block-uagb-advanced-heading uagb-block-491c2a8f\"><h2 class=\"uagb-heading-text\"><strong>Vuoi approfondire le nostre aree di lavoro?<\/strong><\/h2><\/div>\n\n\n\n<div class=\"wp-block-uagb-info-box uagb-block-b5979a99 uagb-infobox__content-wrap  uagb-infobox-icon-above-title uagb-infobox-image-valign-top\"><div class=\"uagb-ifb-content\"><div class=\"uagb-ifb-title-wrap\"><\/div><p class=\"uagb-ifb-desc\">Scopri come un approccio orientato ai diritti pu\u00f2 fare la differenza.<\/p><\/div><\/div>\n\n\n\n<div class=\"wp-block-buttons is-content-justification-center is-layout-flex wp-container-core-buttons-is-layout-3e41869c wp-block-buttons-is-layout-flex\">\n<div class=\"wp-block-button\"><a class=\"wp-block-button__link has-text-align-center wp-element-button\" href=\"http:\/\/www.dt-studiolegale.com\/competenze\">Scopri le nostre competenze<\/a><\/div>\n<\/div>\n<\/div>\n<\/div>\n<\/section>\n<\/div><\/div>\n<\/section>\n\n\n\n<div class=\"wp-block-group alignfull has-background-background-color has-background is-layout-constrained wp-container-core-group-is-layout-afd0fa4e wp-block-group-is-layout-constrained\" id=\"blog\" style=\"margin-top:0;margin-bottom:0;padding-top:var(--wp--preset--spacing--60);padding-right:var(--wp--preset--spacing--30);padding-bottom:var(--wp--preset--spacing--60);padding-left:var(--wp--preset--spacing--30)\">\n<div class=\"wp-block-group alignwide is-vertical is-content-justification-center is-layout-flex wp-container-core-group-is-layout-07fe53cb wp-block-group-is-layout-flex\" style=\"padding-right:2.2rem;padding-left:2.2rem\">\n<div class=\"wp-block-group alignwide is-content-justification-left is-layout-constrained wp-container-core-group-is-layout-d0fa141f wp-block-group-is-layout-constrained\">\n<h2 class=\"wp-block-heading has-ast-global-color-1-color has-text-color has-link-color has-large-font-size wp-elements-1d2a8786e14512359963dd1f08d31cb9\" style=\"margin-right:0;margin-left:0;padding-right:0;padding-left:0\">News<\/h2>\n\n\n\n<p class=\"wp-block-paragraph\" style=\"margin-top:16px\">Resta aggiornato sulle nostre attivit\u00e0, i nostri successi e sulle pi\u00f9 importanti novit\u00e0 in materia di diritti umani e stato di diritto in Italia e in Europa.<\/p>\n<\/div>\n<\/div>\n\n\n\n<div data-wp-context=\"{}\" data-wp-interactive=\"core\/query\" data-wp-key=\"10\" data-wp-router-region=\"query-10\" class=\"wp-block-query alignwide is-layout-flow wp-block-query-is-layout-flow\"><ul class=\"columns-3 wp-block-post-template is-layout-grid wp-container-core-post-template-is-layout-cda6dc4f wp-block-post-template-is-layout-grid\"><li data-wp-key=\"post-template-item-1162\" class=\"wp-block-post post-1162 post type-post status-publish format-standard has-post-thumbnail hentry category-formazione category-su-di-noi tag-cedu tag-corte-edu tag-formazione\">\n<figure style=\"aspect-ratio:4\/3\" class=\"wp-block-post-featured-image\"><a href=\"https:\/\/www.dt-studiolegale.com\/en\/omogenitorialita-e-cedu-dinisi\/\" target=\"_self\"  ><img loading=\"lazy\" decoding=\"async\" width=\"800\" height=\"600\" src=\"https:\/\/www.dt-studiolegale.com\/wp-content\/uploads\/2026\/06\/946.jpg\" class=\"attachment-post-thumbnail size-post-thumbnail wp-post-image\" alt=\"Omogenitorialit\u00e0 e CEDU: l&#8217;Avv. Alessandro Dinisi relatore a Firenze\" style=\"width:100%;height:100%;object-fit:cover;\" srcset=\"https:\/\/www.dt-studiolegale.com\/wp-content\/uploads\/2026\/06\/946.jpg 800w, https:\/\/www.dt-studiolegale.com\/wp-content\/uploads\/2026\/06\/946-300x225.jpg 300w, https:\/\/www.dt-studiolegale.com\/wp-content\/uploads\/2026\/06\/946-768x576.jpg 768w, https:\/\/www.dt-studiolegale.com\/wp-content\/uploads\/2026\/06\/946-16x12.jpg 16w\" sizes=\"auto, (max-width: 800px) 100vw, 800px\" \/><\/a><\/figure>\n\n<div style=\"margin-top:24px;margin-bottom:8px\" class=\"taxonomy-category has-link-color wp-elements-8b923f8309d8d59211341010e2917638 wp-block-post-terms has-small-font-size\"><a href=\"https:\/\/www.dt-studiolegale.com\/en\/category\/formazione\/\" rel=\"tag\">Formazione<\/a><span class=\"wp-block-post-terms__separator\">, <\/span><a href=\"https:\/\/www.dt-studiolegale.com\/en\/category\/su-di-noi\/\" rel=\"tag\">Su di noi<\/a><\/div>\n\n<h2 style=\"font-size:1.5rem;margin-top:6px;margin-bottom:12px\" class=\"wp-block-post-title\"><a href=\"https:\/\/www.dt-studiolegale.com\/en\/omogenitorialita-e-cedu-dinisi\/\" target=\"_self\" >Omogenitorialit\u00e0 e CEDU: l&#8217;Avv. Alessandro Dinisi relatore a Firenze<\/a><\/h2>\n\n<div style=\"margin-top:0;margin-bottom:0\" class=\"wp-block-post-excerpt has-small-font-size\"><p class=\"wp-block-post-excerpt__excerpt\">Il 30 giugno 2026 un convegno a Firenze affronta il tema dell&#8217;omogenitorialit\u00e0 e CEDU,&hellip; <\/p><\/div>\n\n\n<div style=\"height:1.5rem\" aria-hidden=\"true\" class=\"wp-block-spacer\"><\/div>\n\n<\/li><li data-wp-key=\"post-template-item-1155\" class=\"wp-block-post post-1155 post type-post status-publish format-standard has-post-thumbnail hentry category-difesa category-su-di-noi\">\n<figure style=\"aspect-ratio:4\/3\" class=\"wp-block-post-featured-image\"><a href=\"https:\/\/www.dt-studiolegale.com\/en\/cedu-art-2-negligenza-medica-responsabilita-italia\/\" target=\"_self\"  ><img loading=\"lazy\" decoding=\"async\" width=\"685\" height=\"356\" src=\"https:\/\/www.dt-studiolegale.com\/wp-content\/uploads\/2026\/05\/cedu.jpg\" class=\"attachment-post-thumbnail size-post-thumbnail wp-post-image\" alt=\"Negligenza medica e violazione procedurale dell&#8217;art. 2 CEDU: la condanna dell&#8217;Italia a Strasburgo\" style=\"width:100%;height:100%;object-fit:cover;\" srcset=\"https:\/\/www.dt-studiolegale.com\/wp-content\/uploads\/2026\/05\/cedu.jpg 685w, https:\/\/www.dt-studiolegale.com\/wp-content\/uploads\/2026\/05\/cedu-300x156.jpg 300w, https:\/\/www.dt-studiolegale.com\/wp-content\/uploads\/2026\/05\/cedu-18x9.jpg 18w\" sizes=\"auto, (max-width: 685px) 100vw, 685px\" \/><\/a><\/figure>\n\n<div style=\"margin-top:24px;margin-bottom:8px\" class=\"taxonomy-category has-link-color wp-elements-8b923f8309d8d59211341010e2917638 wp-block-post-terms has-small-font-size\"><a href=\"https:\/\/www.dt-studiolegale.com\/en\/category\/difesa\/\" rel=\"tag\">Difesa<\/a><span class=\"wp-block-post-terms__separator\">, <\/span><a href=\"https:\/\/www.dt-studiolegale.com\/en\/category\/su-di-noi\/\" rel=\"tag\">Su di noi<\/a><\/div>\n\n<h2 style=\"font-size:1.5rem;margin-top:6px;margin-bottom:12px\" class=\"wp-block-post-title\"><a href=\"https:\/\/www.dt-studiolegale.com\/en\/cedu-art-2-negligenza-medica-responsabilita-italia\/\" target=\"_self\" >Negligenza medica e violazione procedurale dell&#8217;art. 2 CEDU: la condanna dell&#8217;Italia a Strasburgo<\/a><\/h2>\n\n<div style=\"margin-top:0;margin-bottom:0\" class=\"wp-block-post-excerpt has-small-font-size\"><p class=\"wp-block-post-excerpt__excerpt\">Strasburgo, 7 maggio 2026 Il caso: decesso in ambito ospedaliero e durata del procedimento&hellip; <\/p><\/div>\n\n\n<div style=\"height:1.5rem\" aria-hidden=\"true\" class=\"wp-block-spacer\"><\/div>\n\n<\/li><li data-wp-key=\"post-template-item-1150\" class=\"wp-block-post post-1150 post type-post status-publish format-standard has-post-thumbnail hentry category-approfondimenti category-difesa category-news\">\n<figure style=\"aspect-ratio:4\/3\" class=\"wp-block-post-featured-image\"><a href=\"https:\/\/www.dt-studiolegale.com\/en\/sentenza-n-63-2026-sulla-cittadinanza-iure-sanguinis-depositate-le-motivazioni-della-corte-costituzionale\/\" target=\"_self\"  ><img loading=\"lazy\" decoding=\"async\" width=\"1080\" height=\"810\" src=\"https:\/\/www.dt-studiolegale.com\/wp-content\/uploads\/2026\/03\/image.jpg\" class=\"attachment-post-thumbnail size-post-thumbnail wp-post-image\" alt=\"Sentenza n. 63\/2026 sulla cittadinanza iure sanguinis: depositate le motivazioni della Corte costituzionale\" style=\"width:100%;height:100%;object-fit:cover;\" srcset=\"https:\/\/www.dt-studiolegale.com\/wp-content\/uploads\/2026\/03\/image.jpg 1080w, https:\/\/www.dt-studiolegale.com\/wp-content\/uploads\/2026\/03\/image-300x225.jpg 300w, https:\/\/www.dt-studiolegale.com\/wp-content\/uploads\/2026\/03\/image-1024x768.jpg 1024w, https:\/\/www.dt-studiolegale.com\/wp-content\/uploads\/2026\/03\/image-768x576.jpg 768w\" sizes=\"auto, (max-width: 1080px) 100vw, 1080px\" \/><\/a><\/figure>\n\n<div style=\"margin-top:24px;margin-bottom:8px\" class=\"taxonomy-category has-link-color wp-elements-8b923f8309d8d59211341010e2917638 wp-block-post-terms has-small-font-size\"><a href=\"https:\/\/www.dt-studiolegale.com\/en\/category\/approfondimenti\/\" rel=\"tag\">Approfondimenti<\/a><span class=\"wp-block-post-terms__separator\">, <\/span><a href=\"https:\/\/www.dt-studiolegale.com\/en\/category\/difesa\/\" rel=\"tag\">Difesa<\/a><span class=\"wp-block-post-terms__separator\">, <\/span><a href=\"https:\/\/www.dt-studiolegale.com\/en\/category\/news\/\" rel=\"tag\">News<\/a><\/div>\n\n<h2 style=\"font-size:1.5rem;margin-top:6px;margin-bottom:12px\" class=\"wp-block-post-title\"><a href=\"https:\/\/www.dt-studiolegale.com\/en\/sentenza-n-63-2026-sulla-cittadinanza-iure-sanguinis-depositate-le-motivazioni-della-corte-costituzionale\/\" target=\"_self\" >Sentenza n. 63\/2026 sulla cittadinanza iure sanguinis: depositate le motivazioni della Corte costituzionale<\/a><\/h2>\n\n<div style=\"margin-top:0;margin-bottom:0\" class=\"wp-block-post-excerpt has-small-font-size\"><p class=\"wp-block-post-excerpt__excerpt\">Depositate il 30 aprile 2026 le motivazioni della sentenza n. 63\/2026: la Corte costituzionale&hellip; <\/p><\/div>\n\n\n<div style=\"height:1.5rem\" aria-hidden=\"true\" class=\"wp-block-spacer\"><\/div>\n\n<\/li><\/ul><\/div>\n\n\n\n<div class=\"wp-block-buttons is-content-justification-center is-layout-flex wp-container-core-buttons-is-layout-b6c20db1 wp-block-buttons-is-layout-flex\" style=\"margin-top:var(--wp--preset--spacing--40)\">\n<div class=\"wp-block-button\"><a class=\"wp-block-button__link wp-element-button\" href=\"https:\/\/www.dt-studiolegale.com\/news\">Leggi tutti gli articoli<\/a><\/div>\n<\/div>\n<\/div>\n\n\n\n<div class=\"inherit-container-width wp-block-group alignfull has-tertiary-background-color has-background is-layout-constrained wp-container-core-group-is-layout-d757e5b8 wp-block-group-is-layout-constrained\" style=\"margin-top:0;margin-bottom:0;padding-top:var(--wp--preset--spacing--60);padding-right:var(--wp--preset--spacing--30);padding-bottom:var(--wp--preset--spacing--60);padding-left:var(--wp--preset--spacing--30)\">\n<div class=\"wp-block-columns alignwide are-vertically-aligned-center is-layout-flex wp-container-core-columns-is-layout-cb38399c wp-block-columns-is-layout-flex\">\n<div class=\"wp-block-column is-vertically-aligned-center is-layout-flow wp-block-column-is-layout-flow\">\n<figure class=\"wp-block-image size-full\"><img loading=\"lazy\" decoding=\"async\" width=\"1200\" height=\"637\" src=\"https:\/\/www.dt-studiolegale.com\/wp-content\/uploads\/2025\/05\/Cour-EDH.jpg\" alt=\"Ricorso alla Corte EDU e accesso alle corti europee e internazionali\" class=\"wp-image-904\" style=\"aspect-ratio:1;object-fit:cover\" srcset=\"https:\/\/www.dt-studiolegale.com\/wp-content\/uploads\/2025\/05\/Cour-EDH.jpg 1200w, https:\/\/www.dt-studiolegale.com\/wp-content\/uploads\/2025\/05\/Cour-EDH-300x159.jpg 300w, https:\/\/www.dt-studiolegale.com\/wp-content\/uploads\/2025\/05\/Cour-EDH-1024x544.jpg 1024w, https:\/\/www.dt-studiolegale.com\/wp-content\/uploads\/2025\/05\/Cour-EDH-768x408.jpg 768w\" sizes=\"auto, (max-width: 1200px) 100vw, 1200px\" \/><\/figure>\n<\/div>\n\n\n\n<div class=\"wp-block-column is-vertically-aligned-center is-layout-flow wp-block-column-is-layout-flow\">\n<div class=\"wp-block-group alignfull is-layout-constrained wp-container-core-group-is-layout-bc272c42 wp-block-group-is-layout-constrained\" style=\"margin-bottom:var(--wp--preset--spacing--40);padding-right:var(--wp--preset--spacing--70);padding-left:var(--wp--preset--spacing--70)\">\n<h2 class=\"wp-block-heading has-large-font-size\">Verso le Corti<\/h2>\n\n\n\n<p class=\"wp-block-paragraph\">Dai giudizi nazionali alle giurisdizioni superiori, lo Studio accompagna persone, enti e organizzazioni a tutelare i propri diritti <strong>fino alle Corti internazionali<\/strong>, come la <a href=\"https:\/\/www.echr.coe.int\/\">Corte Europea dei Diritti dell\u2019Uomo<\/a> e la <a href=\"https:\/\/curia.europa.eu\/site\/\">Corte di Giustizia dell\u2019Unione Europea<\/a>.<\/p>\n\n\n\n<div class=\"wp-block-uagb-icon-list uagb-block-43394f70\"><div class=\"uagb-icon-list__wrap\">\n<div class=\"wp-block-uagb-icon-list-child uagb-block-5bd92781\"><span class=\"uagb-icon-list__source-wrap\"><svg xmlns=\"https:\/\/www.w3.org\/2000\/svg\" viewBox=\"0 0 320 512\"><path d=\"M96 480c-8.188 0-16.38-3.125-22.62-9.375c-12.5-12.5-12.5-32.75 0-45.25L242.8 256L73.38 86.63c-12.5-12.5-12.5-32.75 0-45.25s32.75-12.5 45.25 0l192 192c12.5 12.5 12.5 32.75 0 45.25l-192 192C112.4 476.9 104.2 480 96 480z\"><\/path><\/svg><\/span><span class=\"uagb-icon-list__label\"><strong>Valutazione di ammissibilit\u00e0 <\/strong>e fondatezza\u00a0delle vie di ricorso<\/span><\/div>\n\n\n\n<div class=\"wp-block-uagb-icon-list-child uagb-block-63322717\"><span class=\"uagb-icon-list__source-wrap\"><svg xmlns=\"https:\/\/www.w3.org\/2000\/svg\" viewBox=\"0 0 320 512\"><path d=\"M96 480c-8.188 0-16.38-3.125-22.62-9.375c-12.5-12.5-12.5-32.75 0-45.25L242.8 256L73.38 86.63c-12.5-12.5-12.5-32.75 0-45.25s32.75-12.5 45.25 0l192 192c12.5 12.5 12.5 32.75 0 45.25l-192 192C112.4 476.9 104.2 480 96 480z\"><\/path><\/svg><\/span><span class=\"uagb-icon-list__label\"><strong>Assistenza completa\u00a0<\/strong>nella redazione di atti e nella gestione dei contatti con le istituzioni europee<\/span><\/div>\n\n\n\n<div class=\"wp-block-uagb-icon-list-child uagb-block-e2c3112c\"><span class=\"uagb-icon-list__source-wrap\"><svg xmlns=\"https:\/\/www.w3.org\/2000\/svg\" viewBox=\"0 0 320 512\"><path d=\"M96 480c-8.188 0-16.38-3.125-22.62-9.375c-12.5-12.5-12.5-32.75 0-45.25L242.8 256L73.38 86.63c-12.5-12.5-12.5-32.75 0-45.25s32.75-12.5 45.25 0l192 192c12.5 12.5 12.5 32.75 0 45.25l-192 192C112.4 476.9 104.2 480 96 480z\"><\/path><\/svg><\/span><span class=\"uagb-icon-list__label\"><strong>Strategie personalizzate<\/strong>\u00a0per ogni tipo di diritto leso o libert\u00e0 violata<\/span><\/div>\n\n\n\n<div class=\"wp-block-uagb-icon-list-child uagb-block-34c1cfbe\"><span class=\"uagb-icon-list__source-wrap\"><svg xmlns=\"https:\/\/www.w3.org\/2000\/svg\" viewBox=\"0 0 320 512\"><path d=\"M96 480c-8.188 0-16.38-3.125-22.62-9.375c-12.5-12.5-12.5-32.75 0-45.25L242.8 256L73.38 86.63c-12.5-12.5-12.5-32.75 0-45.25s32.75-12.5 45.25 0l192 192c12.5 12.5 12.5 32.75 0 45.25l-192 192C112.4 476.9 104.2 480 96 480z\"><\/path><\/svg><\/span><span class=\"uagb-icon-list__label\"><strong>Trasparenza\u00a0sui costi<\/strong> e sulle fasi del procedimento<\/span><\/div>\n<\/div><\/div>\n<\/div>\n\n\n\n<div class=\"wp-block-buttons is-content-justification-center is-layout-flex wp-container-core-buttons-is-layout-e4ed42e1 wp-block-buttons-is-layout-flex\" style=\"margin-top:var(--wp--preset--spacing--40)\">\n<div class=\"wp-block-button has-custom-width wp-block-button__width-50\"><a class=\"wp-block-button__link has-text-align-center wp-element-button\" href=\"https:\/\/www.dt-studiolegale.com\/verso-le-corti\">Approfondisci<\/a><\/div>\n<\/div>\n<\/div>\n<\/div>\n<\/div>\n\n\n\n<div class=\"wp-block-group alignfull has-tertiary-background-color has-background is-layout-constrained wp-container-core-group-is-layout-6ba49ae1 wp-block-group-is-layout-constrained\" id=\"contatti\" style=\"margin-top:0;margin-bottom:0;padding-top:var(--wp--preset--spacing--60);padding-bottom:var(--wp--preset--spacing--60)\">\n<div class=\"wp-block-group is-layout-constrained wp-block-group-is-layout-constrained\">\n<h2 class=\"wp-block-heading has-text-align-center has-large-font-size\">Difendiamo i tuoi diritti con passione<\/h2>\n\n\n\n<p class=\"has-text-align-center wp-block-paragraph\" style=\"margin-top:16px\">Contattaci per parlare con i nostri esperti legali in modo facile e veloce.<\/p>\n<\/div>\n\n\n\n<div class=\"wp-block-group has-background-background-color has-background is-layout-constrained wp-container-core-group-is-layout-ba647a18 wp-block-group-is-layout-constrained\" style=\"padding-top:var(--wp--preset--spacing--40);padding-right:var(--wp--preset--spacing--40);padding-bottom:var(--wp--preset--spacing--40);padding-left:var(--wp--preset--spacing--40)\"><div class=\"wpforms-container wpforms-block wpforms-block-406c62bf-d413-4f54-9e34-6ea96a36e1dd wpforms-render-modern\" id=\"wpforms-13\"><form id=\"wpforms-form-13\" class=\"wpforms-validate wpforms-form wpforms-ajax-form\" data-formid=\"13\" method=\"post\" enctype=\"multipart\/form-data\" action=\"\/en\/wp-json\/wp\/v2\/pages\/20\" data-token=\"0fd651f15be907afb7019936bf03ff69\" data-token-time=\"1788511823\"><noscript class=\"wpforms-error-noscript\">Please enable JavaScript in your browser to complete this form.<\/noscript><div id=\"wpforms-error-noscript\" style=\"display: none;\">Please enable JavaScript in your browser to complete this form.<\/div><div class=\"wpforms-field-container\"><div id=\"wpforms-13-field_1-container\" class=\"wpforms-field wpforms-field-name\" data-field-id=\"1\"><fieldset><legend class=\"wpforms-field-label\">Nome <span class=\"wpforms-required-label\" aria-hidden=\"true\">*<\/span><\/legend><div class=\"wpforms-field-row wpforms-field-medium\"><div class=\"wpforms-field-row-block wpforms-first wpforms-one-half\"><input type=\"text\" id=\"wpforms-13-field_1\" class=\"wpforms-field-name-first wpforms-field-required\" name=\"wpforms[fields][1][first]\" aria-errormessage=\"wpforms-13-field_1-error\" required><label for=\"wpforms-13-field_1\" class=\"wpforms-field-sublabel after\">First<\/label><\/div><div class=\"wpforms-field-row-block wpforms-one-half\"><input type=\"text\" id=\"wpforms-13-field_1-last\" class=\"wpforms-field-name-last wpforms-field-required\" name=\"wpforms[fields][1][last]\" aria-errormessage=\"wpforms-13-field_1-last-error\" required><label for=\"wpforms-13-field_1-last\" class=\"wpforms-field-sublabel after\">Last<\/label><\/div><\/div><\/fieldset><\/div><div id=\"wpforms-13-field_2-container\" class=\"wpforms-field wpforms-field-email\" data-field-id=\"2\"><label class=\"wpforms-field-label\" for=\"wpforms-13-field_2\">Email <span class=\"wpforms-required-label\" aria-hidden=\"true\">*<\/span><\/label><input type=\"email\" id=\"wpforms-13-field_2\" class=\"wpforms-field-medium wpforms-field-required\" name=\"wpforms[fields][2]\" spellcheck=\"false\" aria-errormessage=\"wpforms-13-field_2-error\" required><\/div><div id=\"wpforms-13-field_4-container\" class=\"wpforms-field wpforms-field-textarea\" data-field-id=\"4\"><label class=\"wpforms-field-label\" for=\"wpforms-13-field_4\">Oggetto <span class=\"wpforms-required-label\" aria-hidden=\"true\">*<\/span><\/label><textarea id=\"wpforms-13-field_4\" class=\"wpforms-field-small wpforms-field-required\" name=\"wpforms[fields][4]\" aria-errormessage=\"wpforms-13-field_4-error\" required><\/textarea><\/div>\t\t<div id=\"wpforms-13-field_5-container\"\n\t\t\tclass=\"wpforms-field wpforms-field-text\"\n\t\t\tdata-field-type=\"text\"\n\t\t\tdata-field-id=\"5\"\n\t\t\t>\n\t\t\t<label class=\"wpforms-field-label\" for=\"wpforms-13-field_5\" >Nome Messaggio Oggetto<\/label>\n\t\t\t<input type=\"text\" id=\"wpforms-13-field_5\" class=\"wpforms-field-medium\" name=\"wpforms[fields][5]\" >\n\t\t<\/div>\n\t\t<div id=\"wpforms-13-field_3-container\" class=\"wpforms-field wpforms-field-textarea\" data-field-id=\"3\"><label class=\"wpforms-field-label\" for=\"wpforms-13-field_3\">Messaggio<\/label><textarea id=\"wpforms-13-field_3\" class=\"wpforms-field-medium\" name=\"wpforms[fields][3]\" aria-errormessage=\"wpforms-13-field_3-error\" ><\/textarea><\/div><script>\n\t\t\t\t( function() {\n\t\t\t\t\tconst style = document.createElement( 'style' );\n\t\t\t\t\tstyle.appendChild( document.createTextNode( '#wpforms-13-field_5-container { position: absolute !important; overflow: hidden !important; display: inline !important; height: 1px !important; width: 1px !important; z-index: -1000 !important; padding: 0 !important; } #wpforms-13-field_5-container input { visibility: hidden; } #wpforms-conversational-form-page #wpforms-13-field_5-container label { counter-increment: none; }' ) );\n\t\t\t\t\tdocument.head.appendChild( style );\n\t\t\t\t\tdocument.currentScript?.remove();\n\t\t\t\t} )();\n\t\t\t<\/script><\/div><!-- .wpforms-field-container --><div class=\"wpforms-submit-container\" ><input type=\"hidden\" name=\"wpforms[id]\" value=\"13\"><input type=\"hidden\" name=\"page_title\" value=\"\"><input type=\"hidden\" name=\"page_url\" value=\"https:\/\/www.dt-studiolegale.com\/en\/wp-json\/wp\/v2\/pages\/20\"><input type=\"hidden\" name=\"url_referer\" value=\"\"><button type=\"submit\" name=\"wpforms[submit]\" id=\"wpforms-submit-13\" class=\"wpforms-submit\" data-alt-text=\"Invio in corso...\" data-submit-text=\"Invia\" aria-live=\"assertive\" value=\"wpforms-submit\">Invia<\/button><img loading=\"lazy\" decoding=\"async\" src=\"https:\/\/www.dt-studiolegale.com\/wp-content\/plugins\/wpforms-lite\/assets\/images\/submit-spin.svg\" class=\"wpforms-submit-spinner\" style=\"display: none;\" width=\"26\" height=\"26\" alt=\"Loading\"><\/div><\/form><\/div>  <!-- .wpforms-container --><\/div>\n<\/div>\n\n\n\n<script>\ndocument.addEventListener(\"DOMContentLoaded\", function() {\n  const links = [\n    { selector: \".link-consulenza\", url: \"\/consulenza\" },\n    { selector: \".link-difesa\", url: \"\/difesa\" },\n    { selector: \".link-formazione\", url: \"\/formazione\" },\n    { selector: \".link-advocacy\", url: \"\/advocacy\" },\n    { selector: \".link-strategic\", url: \"\/strategic-litigation\" }\n  ];\n\n  links.forEach(link => {\n    const box = document.querySelector(link.selector);\n    if (box) {\n      box.style.cursor = \"pointer\";\n      box.addEventListener(\"click\", () => {\n        window.location.href = link.url;\n      });\n    }\n  });\n});\n<\/script>\n","protected":false},"excerpt":{"rendered":"<p>Tutti gli esseri umani nascono liberi ed eguali in dignit\u00e0 e diritti. Essi sono dotati di ragione e di coscienza [&hellip;]<\/p>\n","protected":false},"author":1,"featured_media":0,"parent":0,"menu_order":0,"comment_status":"closed","ping_status":"closed","template":"","meta":{"_uag_custom_page_level_css":"","site-sidebar-layout":"default","site-content-layout":"","ast-site-content-layout":"default","site-content-style":"default","site-sidebar-style":"default","ast-global-header-display":"","ast-banner-title-visibility":"","ast-main-header-display":"","ast-hfb-above-header-display":"","ast-hfb-below-header-display":"","ast-hfb-mobile-header-display":"","site-post-title":"disabled","ast-breadcrumbs-content":"","ast-featured-img":"","footer-sml-layout":"","ast-disable-related-posts":"","theme-transparent-header-meta":"","adv-header-id-meta":"","stick-header-meta":"","header-above-stick-meta":"","header-main-stick-meta":"","header-below-stick-meta":"","astra-migrate-meta-layouts":"default","ast-page-background-enabled":"default","ast-page-background-meta":{"desktop":{"background-color":"var(--ast-global-color-5)","background-image":"","background-repeat":"repeat","background-position":"center center","background-size":"auto","background-attachment":"scroll","background-type":"","background-media":"","overlay-type":"","overlay-color":"","overlay-opacity":"","overlay-gradient":""},"tablet":{"background-color":"","background-image":"","background-repeat":"repeat","background-position":"center center","background-size":"auto","background-attachment":"scroll","background-type":"","background-media":"","overlay-type":"","overlay-color":"","overlay-opacity":"","overlay-gradient":""},"mobile":{"background-color":"","background-image":"","background-repeat":"repeat","background-position":"center center","background-size":"auto","background-attachment":"scroll","background-type":"","background-media":"","overlay-type":"","overlay-color":"","overlay-opacity":"","overlay-gradient":""}},"ast-content-background-meta":{"desktop":{"background-color":"var(--ast-global-color-4)","background-image":"","background-repeat":"repeat","background-position":"center center","background-size":"auto","background-attachment":"scroll","background-type":"","background-media":"","overlay-type":"","overlay-color":"","overlay-opacity":"","overlay-gradient":""},"tablet":{"background-color":"var(--ast-global-color-4)","background-image":"","background-repeat":"repeat","background-position":"center center","background-size":"auto","background-attachment":"scroll","background-type":"","background-media":"","overlay-type":"","overlay-color":"","overlay-opacity":"","overlay-gradient":""},"mobile":{"background-color":"var(--ast-global-color-4)","background-image":"","background-repeat":"repeat","background-position":"center center","background-size":"auto","background-attachment":"scroll","background-type":"","background-media":"","overlay-type":"","overlay-color":"","overlay-opacity":"","overlay-gradient":""}},"footnotes":""},"class_list":["post-20","page","type-page","status-publish","hentry"],"yoast_head":"<!-- This site is optimized with the Yoast SEO plugin v28.3 - https:\/\/yoast.com\/product\/yoast-seo-wordpress\/ -->\n<title>Diritti e Tutele | DT Studio Legale Internazionale<\/title>\n<meta name=\"description\" content=\"Studio legale con sede a Firenze. Difesa, consulenza e formazione in materia di diritti umani, libert\u00e0 fondamentali e tutela giuridica.\" \/>\n<meta name=\"robots\" content=\"index, follow, max-snippet:-1, max-image-preview:large, max-video-preview:-1\" \/>\n<link rel=\"canonical\" href=\"https:\/\/www.dt-studiolegale.com\/en\/\" \/>\n<meta property=\"og:locale\" content=\"en_GB\" \/>\n<meta property=\"og:type\" content=\"article\" \/>\n<meta property=\"og:title\" content=\"Diritti e Tutele | DT Studio Legale Internazionale\" \/>\n<meta property=\"og:description\" content=\"Studio legale con sede a Firenze. Difesa, consulenza e formazione in materia di diritti umani, libert\u00e0 fondamentali e tutela giuridica.\" \/>\n<meta property=\"og:url\" content=\"https:\/\/www.dt-studiolegale.com\/en\/\" \/>\n<meta property=\"og:site_name\" content=\"DT Studio Legale\" \/>\n<meta property=\"article:modified_time\" content=\"2026-03-25T13:43:37+00:00\" \/>\n<meta property=\"og:image\" content=\"https:\/\/www.dt-studiolegale.com\/wp-content\/uploads\/2025\/11\/44abe61615c2c5b02f5ecb10857d5d424d71dbc9.jpg\" \/>\n\t<meta property=\"og:image:width\" content=\"1440\" \/>\n\t<meta property=\"og:image:height\" content=\"961\" \/>\n\t<meta property=\"og:image:type\" content=\"image\/jpeg\" \/>\n<meta name=\"twitter:card\" content=\"summary_large_image\" \/>\n<meta name=\"twitter:label1\" content=\"Estimated reading time\" \/>\n\t<meta name=\"twitter:data1\" content=\"6 minutes\" \/>\n<script type=\"application\/ld+json\" class=\"yoast-schema-graph\">{\"@context\":\"https:\\\/\\\/schema.org\",\"@graph\":[{\"@type\":\"WebPage\",\"@id\":\"https:\\\/\\\/www.dt-studiolegale.com\\\/\",\"url\":\"https:\\\/\\\/www.dt-studiolegale.com\\\/\",\"name\":\"Diritti e Tutele | DT Studio Legale Internazionale\",\"isPartOf\":{\"@id\":\"https:\\\/\\\/www.dt-studiolegale.com\\\/#website\"},\"primaryImageOfPage\":{\"@id\":\"https:\\\/\\\/www.dt-studiolegale.com\\\/#primaryimage\"},\"image\":{\"@id\":\"https:\\\/\\\/www.dt-studiolegale.com\\\/#primaryimage\"},\"thumbnailUrl\":\"https:\\\/\\\/www.dt-studiolegale.com\\\/wp-content\\\/uploads\\\/2025\\\/11\\\/44abe61615c2c5b02f5ecb10857d5d424d71dbc9.jpg\",\"datePublished\":\"2025-11-05T13:42:25+00:00\",\"dateModified\":\"2026-03-25T13:43:37+00:00\",\"description\":\"Studio legale con sede a Firenze. Difesa, consulenza e formazione in materia di diritti umani, libert\u00e0 fondamentali e tutela giuridica.\",\"breadcrumb\":{\"@id\":\"https:\\\/\\\/www.dt-studiolegale.com\\\/#breadcrumb\"},\"inLanguage\":\"en-GB\",\"potentialAction\":[{\"@type\":\"ReadAction\",\"target\":[\"https:\\\/\\\/www.dt-studiolegale.com\\\/\"]}]},{\"@type\":\"ImageObject\",\"inLanguage\":\"en-GB\",\"@id\":\"https:\\\/\\\/www.dt-studiolegale.com\\\/#primaryimage\",\"url\":\"https:\\\/\\\/www.dt-studiolegale.com\\\/wp-content\\\/uploads\\\/2025\\\/11\\\/44abe61615c2c5b02f5ecb10857d5d424d71dbc9.jpg\",\"contentUrl\":\"https:\\\/\\\/www.dt-studiolegale.com\\\/wp-content\\\/uploads\\\/2025\\\/11\\\/44abe61615c2c5b02f5ecb10857d5d424d71dbc9.jpg\"},{\"@type\":\"BreadcrumbList\",\"@id\":\"https:\\\/\\\/www.dt-studiolegale.com\\\/#breadcrumb\",\"itemListElement\":[{\"@type\":\"ListItem\",\"position\":1,\"name\":\"Home\",\"item\":\"https:\\\/\\\/www.dt-studiolegale.com\\\/\"},{\"@type\":\"ListItem\",\"position\":2,\"name\":\"Home\"}]},{\"@type\":\"WebSite\",\"@id\":\"https:\\\/\\\/www.dt-studiolegale.com\\\/#website\",\"url\":\"https:\\\/\\\/www.dt-studiolegale.com\\\/\",\"name\":\"DT Studio Legale\",\"description\":\"Difendiamo i diritti umani in Italia e in Europa\",\"publisher\":{\"@id\":\"https:\\\/\\\/www.dt-studiolegale.com\\\/#organization\"},\"potentialAction\":[{\"@type\":\"SearchAction\",\"target\":{\"@type\":\"EntryPoint\",\"urlTemplate\":\"https:\\\/\\\/www.dt-studiolegale.com\\\/?s={search_term_string}\"},\"query-input\":{\"@type\":\"PropertyValueSpecification\",\"valueRequired\":true,\"valueName\":\"search_term_string\"}}],\"inLanguage\":\"en-GB\"},{\"@type\":\"Organization\",\"@id\":\"https:\\\/\\\/www.dt-studiolegale.com\\\/#organization\",\"name\":\"DT Studio Legale\",\"url\":\"https:\\\/\\\/www.dt-studiolegale.com\\\/\",\"logo\":{\"@type\":\"ImageObject\",\"inLanguage\":\"en-GB\",\"@id\":\"https:\\\/\\\/www.dt-studiolegale.com\\\/#\\\/schema\\\/logo\\\/image\\\/\",\"url\":\"https:\\\/\\\/www.dt-studiolegale.com\\\/wp-content\\\/uploads\\\/2025\\\/11\\\/cropped-logo-chiaro-diritti-e-tutele-studio-legale.png\",\"contentUrl\":\"https:\\\/\\\/www.dt-studiolegale.com\\\/wp-content\\\/uploads\\\/2025\\\/11\\\/cropped-logo-chiaro-diritti-e-tutele-studio-legale.png\",\"width\":500,\"height\":500,\"caption\":\"DT Studio Legale\"},\"image\":{\"@id\":\"https:\\\/\\\/www.dt-studiolegale.com\\\/#\\\/schema\\\/logo\\\/image\\\/\"}}]}<\/script>\n<!-- \/ Yoast SEO plugin. -->","yoast_head_json":{"title":"Diritti e Tutele | DT Studio Legale Internazionale","description":"Studio legale con sede a Firenze. Difesa, consulenza e formazione in materia di diritti umani, libert\u00e0 fondamentali e tutela giuridica.","robots":{"index":"index","follow":"follow","max-snippet":"max-snippet:-1","max-image-preview":"max-image-preview:large","max-video-preview":"max-video-preview:-1"},"canonical":"https:\/\/www.dt-studiolegale.com\/en\/","og_locale":"en_GB","og_type":"article","og_title":"Diritti e Tutele | DT Studio Legale Internazionale","og_description":"Studio legale con sede a Firenze. Difesa, consulenza e formazione in materia di diritti umani, libert\u00e0 fondamentali e tutela giuridica.","og_url":"https:\/\/www.dt-studiolegale.com\/en\/","og_site_name":"DT Studio Legale","article_modified_time":"2026-03-25T13:43:37+00:00","og_image":[{"width":1440,"height":961,"url":"https:\/\/www.dt-studiolegale.com\/wp-content\/uploads\/2025\/11\/44abe61615c2c5b02f5ecb10857d5d424d71dbc9.jpg","type":"image\/jpeg"}],"twitter_card":"summary_large_image","twitter_misc":{"Estimated reading time":"6 minutes"},"schema":{"@context":"https:\/\/schema.org","@graph":[{"@type":"WebPage","@id":"https:\/\/www.dt-studiolegale.com\/","url":"https:\/\/www.dt-studiolegale.com\/","name":"Diritti e Tutele | DT Studio Legale Internazionale","isPartOf":{"@id":"https:\/\/www.dt-studiolegale.com\/#website"},"primaryImageOfPage":{"@id":"https:\/\/www.dt-studiolegale.com\/#primaryimage"},"image":{"@id":"https:\/\/www.dt-studiolegale.com\/#primaryimage"},"thumbnailUrl":"https:\/\/www.dt-studiolegale.com\/wp-content\/uploads\/2025\/11\/44abe61615c2c5b02f5ecb10857d5d424d71dbc9.jpg","datePublished":"2025-11-05T13:42:25+00:00","dateModified":"2026-03-25T13:43:37+00:00","description":"Studio legale con sede a Firenze. Difesa, consulenza e formazione in materia di diritti umani, libert\u00e0 fondamentali e tutela giuridica.","breadcrumb":{"@id":"https:\/\/www.dt-studiolegale.com\/#breadcrumb"},"inLanguage":"en-GB","potentialAction":[{"@type":"ReadAction","target":["https:\/\/www.dt-studiolegale.com\/"]}]},{"@type":"ImageObject","inLanguage":"en-GB","@id":"https:\/\/www.dt-studiolegale.com\/#primaryimage","url":"https:\/\/www.dt-studiolegale.com\/wp-content\/uploads\/2025\/11\/44abe61615c2c5b02f5ecb10857d5d424d71dbc9.jpg","contentUrl":"https:\/\/www.dt-studiolegale.com\/wp-content\/uploads\/2025\/11\/44abe61615c2c5b02f5ecb10857d5d424d71dbc9.jpg"},{"@type":"BreadcrumbList","@id":"https:\/\/www.dt-studiolegale.com\/#breadcrumb","itemListElement":[{"@type":"ListItem","position":1,"name":"Home","item":"https:\/\/www.dt-studiolegale.com\/"},{"@type":"ListItem","position":2,"name":"Home"}]},{"@type":"WebSite","@id":"https:\/\/www.dt-studiolegale.com\/#website","url":"https:\/\/www.dt-studiolegale.com\/","name":"DT Studio Legale","description":"Difendiamo i diritti umani in Italia e in Europa","publisher":{"@id":"https:\/\/www.dt-studiolegale.com\/#organization"},"potentialAction":[{"@type":"SearchAction","target":{"@type":"EntryPoint","urlTemplate":"https:\/\/www.dt-studiolegale.com\/?s={search_term_string}"},"query-input":{"@type":"PropertyValueSpecification","valueRequired":true,"valueName":"search_term_string"}}],"inLanguage":"en-GB"},{"@type":"Organization","@id":"https:\/\/www.dt-studiolegale.com\/#organization","name":"DT Studio Legale","url":"https:\/\/www.dt-studiolegale.com\/","logo":{"@type":"ImageObject","inLanguage":"en-GB","@id":"https:\/\/www.dt-studiolegale.com\/#\/schema\/logo\/image\/","url":"https:\/\/www.dt-studiolegale.com\/wp-content\/uploads\/2025\/11\/cropped-logo-chiaro-diritti-e-tutele-studio-legale.png","contentUrl":"https:\/\/www.dt-studiolegale.com\/wp-content\/uploads\/2025\/11\/cropped-logo-chiaro-diritti-e-tutele-studio-legale.png","width":500,"height":500,"caption":"DT Studio Legale"},"image":{"@id":"https:\/\/www.dt-studiolegale.com\/#\/schema\/logo\/image\/"}}]}},"uagb_featured_image_src":{"full":false,"thumbnail":false,"medium":false,"medium_large":false,"large":false,"1536x1536":false,"2048x2048":false,"trp-custom-language-flag":false},"uagb_author_info":{"display_name":"Gestore","author_link":"https:\/\/www.dt-studiolegale.com\/en\/author\/wp_12189562\/"},"uagb_comment_info":0,"uagb_excerpt":"Tutti gli esseri umani nascono liberi ed eguali in dignit\u00e0 e diritti. Essi sono dotati di ragione e di coscienza [&hellip;]","_links":{"self":[{"href":"https:\/\/www.dt-studiolegale.com\/en\/wp-json\/wp\/v2\/pages\/20","targetHints":{"allow":["GET"]}}],"collection":[{"href":"https:\/\/www.dt-studiolegale.com\/en\/wp-json\/wp\/v2\/pages"}],"about":[{"href":"https:\/\/www.dt-studiolegale.com\/en\/wp-json\/wp\/v2\/types\/page"}],"author":[{"embeddable":true,"href":"https:\/\/www.dt-studiolegale.com\/en\/wp-json\/wp\/v2\/users\/1"}],"replies":[{"embeddable":true,"href":"https:\/\/www.dt-studiolegale.com\/en\/wp-json\/wp\/v2\/comments?post=20"}],"version-history":[{"count":115,"href":"https:\/\/www.dt-studiolegale.com\/en\/wp-json\/wp\/v2\/pages\/20\/revisions"}],"predecessor-version":[{"id":1108,"href":"https:\/\/www.dt-studiolegale.com\/en\/wp-json\/wp\/v2\/pages\/20\/revisions\/1108"}],"wp:attachment":[{"href":"https:\/\/www.dt-studiolegale.com\/en\/wp-json\/wp\/v2\/media?parent=20"}],"curies":[{"name":"wp","href":"https:\/\/api.w.org\/{rel}","templated":true}]}}