{"id":449,"date":"2025-12-15T11:06:13","date_gmt":"2025-12-15T11:06:13","guid":{"rendered":"https:\/\/www.dt-studiolegale.com\/?page_id=449"},"modified":"2026-03-10T11:00:05","modified_gmt":"2026-03-10T11:00:05","slug":"lo-studio","status":"publish","type":"page","link":"https:\/\/www.dt-studiolegale.com\/en\/lo-studio\/","title":{"rendered":"The Firm"},"content":{"rendered":"\n<div class=\"wp-block-cover alignfull has-custom-content-position is-position-bottom-center\" style=\"margin-top:0;margin-bottom:0;padding-right:var(--wp--preset--spacing--30);padding-left:var(--wp--preset--spacing--30);min-height:80vh;aspect-ratio:unset;\"><img loading=\"lazy\" decoding=\"async\" width=\"1080\" height=\"720\" class=\"wp-block-cover__image-background wp-image-451\" alt=\"Studio legale specializzato nella tutela dei diritti umani\" src=\"https:\/\/www.dt-studiolegale.com\/wp-content\/uploads\/2025\/12\/image-1.jpg\" data-object-fit=\"cover\" srcset=\"https:\/\/www.dt-studiolegale.com\/wp-content\/uploads\/2025\/12\/image-1.jpg 1080w, https:\/\/www.dt-studiolegale.com\/wp-content\/uploads\/2025\/12\/image-1-300x200.jpg 300w, https:\/\/www.dt-studiolegale.com\/wp-content\/uploads\/2025\/12\/image-1-1024x683.jpg 1024w, https:\/\/www.dt-studiolegale.com\/wp-content\/uploads\/2025\/12\/image-1-768x512.jpg 768w\" sizes=\"auto, (max-width: 1080px) 100vw, 1080px\" \/><span aria-hidden=\"true\" class=\"wp-block-cover__background has-black-background-color has-background-dim-60 has-background-dim\"><\/span><div class=\"wp-block-cover__inner-container is-layout-flow wp-block-cover-is-layout-flow\">\n<div class=\"wp-block-group is-layout-constrained wp-block-group-is-layout-constrained\" style=\"padding-top:var(--wp--preset--spacing--40);padding-bottom:var(--wp--preset--spacing--60)\">\n<div class=\"wp-block-columns alignwide is-layout-flex wp-container-core-columns-is-layout-e72499ee wp-block-columns-is-layout-flex\">\n<div class=\"wp-block-column is-layout-flow wp-container-core-column-is-layout-992d2de6 wp-block-column-is-layout-flow\" style=\"padding-top:var(--wp--preset--spacing--20);padding-right:var(--wp--preset--spacing--30);padding-bottom:var(--wp--preset--spacing--20);padding-left:var(--wp--preset--spacing--30);flex-basis:60%\">\n<h1 class=\"wp-block-heading has-white-color has-text-color\">Lo Studio<\/h1>\n<\/div>\n\n\n\n<div class=\"wp-block-column is-layout-flow wp-block-column-is-layout-flow\" style=\"flex-basis:40%\">\n<p class=\"has-white-color has-text-color wp-block-paragraph\" style=\"padding-top:var(--wp--preset--spacing--50);padding-right:var(--wp--preset--spacing--60);font-size:17px\">Competenze specialistiche al servizio delle persone e dei professionisti. Con un impegno e una direzione: rendere giustizia ai diritti fondamentali e allo Stato di diritto.<\/p>\n\n\n\n<div class=\"wp-block-buttons is-content-justification-left is-layout-flex wp-container-core-buttons-is-layout-551f4ce7 wp-block-buttons-is-layout-flex\" style=\"margin-top:var(--wp--preset--spacing--30)\">\n<div class=\"wp-block-button is-style-fill\"><a class=\"wp-block-button__link has-ast-global-color-4-color has-ast-global-color-0-background-color has-text-color has-background has-link-color wp-element-button\" href=\"#filosofia\">La nostra filosofia<\/a><\/div>\n<\/div>\n<\/div>\n<\/div>\n<\/div>\n<\/div><\/div>\n\n\n\n<div class=\"inherit-container-width wp-block-group alignfull has-tertiary-background-color has-background is-layout-constrained wp-container-core-group-is-layout-a7d595f5 wp-block-group-is-layout-constrained\" id=\"chi-siamo\" style=\"margin-top:var(--wp--preset--spacing--50);margin-bottom:var(--wp--preset--spacing--50);padding-top:var(--wp--preset--spacing--60);padding-right:var(--wp--preset--spacing--30);padding-bottom:var(--wp--preset--spacing--60);padding-left:var(--wp--preset--spacing--30)\">\n<h2 class=\"wp-block-heading has-text-align-center has-large-font-size\">La nostra storia<\/h2>\n\n\n\n<p class=\"has-text-align-center wp-block-paragraph\" style=\"margin-top:16px\"><strong>Lo Studio Diritti e Tutele<\/strong>&nbsp;nasce dall\u2019incontro tra competenze eterogenee e sinergiche. La nostra professionalit\u00e0 si fonda su una conoscenza giuridica a tutto campo maturata tanto in ambito accademico quanto nelle istituzioni europee e internazionali. La specificit\u00e0 delle nostre esperienze ci consente un approccio inedito e multidisciplinare che combina il metodo e il rigore del giurista nazionale, con la lente del diritto internazionale. &nbsp;Queste caratteristiche offrono la possibilit\u00e0 di individuare soluzioni e argomenti vincenti e ancora inesplorati nei confini del diritto nazionale.<\/p>\n\n\n\n<div class=\"inherit-container-width wp-block-group alignfull has-background-background-color has-background is-layout-constrained wp-container-core-group-is-layout-712b1644 wp-block-group-is-layout-constrained\" style=\"margin-top:0;margin-bottom:0;padding-top:var(--wp--preset--spacing--60);padding-right:var(--wp--preset--spacing--30);padding-bottom:var(--wp--preset--spacing--60);padding-left:var(--wp--preset--spacing--30)\">\n<div class=\"wp-block-cover alignfull has-custom-content-position is-position-bottom-center\" style=\"margin-top:0;margin-bottom:0;padding-top:var(--wp--preset--spacing--40);padding-right:var(--wp--preset--spacing--30);padding-bottom:var(--wp--preset--spacing--40);padding-left:var(--wp--preset--spacing--30);min-height:310px;aspect-ratio:unset;\"><img loading=\"lazy\" decoding=\"async\" width=\"1080\" height=\"1620\" class=\"wp-block-cover__image-background wp-image-353\" alt=\"Consulenza e difesa in materia di diritti umani\" src=\"https:\/\/www.dt-studiolegale.com\/wp-content\/uploads\/2025\/11\/image-5.jpg\" style=\"object-position:39% 32%\" data-object-fit=\"cover\" data-object-position=\"39% 32%\" srcset=\"https:\/\/www.dt-studiolegale.com\/wp-content\/uploads\/2025\/11\/image-5.jpg 1080w, https:\/\/www.dt-studiolegale.com\/wp-content\/uploads\/2025\/11\/image-5-200x300.jpg 200w, https:\/\/www.dt-studiolegale.com\/wp-content\/uploads\/2025\/11\/image-5-683x1024.jpg 683w, https:\/\/www.dt-studiolegale.com\/wp-content\/uploads\/2025\/11\/image-5-768x1152.jpg 768w, https:\/\/www.dt-studiolegale.com\/wp-content\/uploads\/2025\/11\/image-5-1024x1536.jpg 1024w\" sizes=\"auto, (max-width: 1080px) 100vw, 1080px\" \/><span aria-hidden=\"true\" class=\"wp-block-cover__background has-black-background-color has-background-dim-60 has-background-dim\"><\/span><div class=\"wp-block-cover__inner-container is-layout-flow wp-block-cover-is-layout-flow\">\n<div class=\"wp-block-group is-layout-constrained wp-block-group-is-layout-constrained\" style=\"padding-top:var(--wp--preset--spacing--40);padding-bottom:var(--wp--preset--spacing--60)\">\n<div class=\"wp-block-columns alignwide is-layout-flex wp-container-core-columns-is-layout-e72499ee wp-block-columns-is-layout-flex\">\n<div class=\"wp-block-column is-layout-flow wp-container-core-column-is-layout-992d2de6 wp-block-column-is-layout-flow\" style=\"padding-top:var(--wp--preset--spacing--20);padding-right:var(--wp--preset--spacing--30);padding-bottom:var(--wp--preset--spacing--20);padding-left:var(--wp--preset--spacing--30);flex-basis:60%\">\n<p class=\"wp-block-paragraph\"><\/p>\n\n\n\n<p class=\"wp-block-paragraph\"><\/p>\n\n\n\n<h2 class=\"wp-block-heading has-white-color has-text-color\">A chi ci rivolgiamo<\/h2>\n<\/div>\n\n\n\n<div class=\"wp-block-column is-layout-flow wp-block-column-is-layout-flow\" style=\"flex-basis:40%\">\n<p class=\"wp-block-paragraph\"><\/p>\n\n\n\n<p class=\"wp-block-paragraph\"><\/p>\n\n\n\n<p class=\"has-white-color has-text-color wp-block-paragraph\" style=\"padding-top:var(--wp--preset--spacing--50);padding-right:var(--wp--preset--spacing--60);font-size:17px\">Offriamo percorsi di tutela adattati e individualizzati per chi cerca risposte in contesti complessi, dentro e fuori le aule di giustizia. Assistenza specialistica a individui, Studi Legali o ONG.<\/p>\n<\/div>\n<\/div>\n<\/div>\n<\/div><\/div>\n\n\n\n<div class=\"wp-block-columns alignwide is-layout-flex wp-container-core-columns-is-layout-02cf8bb6 wp-block-columns-is-layout-flex\">\n<div class=\"wp-block-column is-layout-flow wp-block-column-is-layout-flow\">\n<h3 class=\"wp-block-heading has-text-align-center\" style=\"font-size:1.5rem;line-height:1.5\"><strong>Professionisti del diritto<\/strong><\/h3>\n\n\n\n<p class=\"has-text-align-center has-small-font-size wp-block-paragraph\" style=\"margin-top:8px\">Affianchiamo Studi legali nei collegi difensivi, formiamo avvocati e operatori giuridici nelle strategie di difesa, con strumenti di diritto europeo e internazionale dei diritti umani<\/p>\n\n\n\n<div class=\"wp-block-buttons is-content-justification-center is-layout-flex wp-container-core-buttons-is-layout-3e41869c wp-block-buttons-is-layout-flex\">\n<div class=\"wp-block-button is-style-outline is-style-outline--1\"><a class=\"wp-block-button__link has-text-align-center wp-element-button\" href=\"https:\/\/www.dt-studiolegale.com\/consulenza-legale\/\">Visita la sezione Consulenza <\/a><\/div>\n<\/div>\n<\/div>\n\n\n\n<div class=\"wp-block-column is-layout-flow wp-block-column-is-layout-flow\">\n<h3 class=\"wp-block-heading has-text-align-center\" style=\"font-size:1.5rem;line-height:1.5\"><strong>Cittadini privati<\/strong><\/h3>\n\n\n\n<p class=\"has-text-align-center has-small-font-size wp-block-paragraph\" style=\"margin-top:8px\">Difendiamo chi ritiene di aver subito discriminazione <br> o violazione dei propri diritti. Patrociniamo dinanzi alle Corti superiori, nazionali e internazionali.<\/p>\n\n\n\n<div class=\"wp-block-buttons is-content-justification-center is-layout-flex wp-container-core-buttons-is-layout-3e41869c wp-block-buttons-is-layout-flex\">\n<div class=\"wp-block-button is-style-outline is-style-outline--2\"><a class=\"wp-block-button__link has-text-align-center wp-element-button\" href=\"https:\/\/www.dt-studiolegale.com\/difesa\/\">Scopri di pi\u00f9 su Difesa<\/a><\/div>\n<\/div>\n<\/div>\n\n\n\n<div class=\"wp-block-column is-layout-flow wp-block-column-is-layout-flow\">\n<h3 class=\"wp-block-heading has-text-align-center\" style=\"font-size:1.5rem;line-height:1.5\"><strong><strong>Associazioni, &nbsp;Enti e &nbsp;ONG<\/strong><\/strong><\/h3>\n\n\n\n<p class=\"has-text-align-center has-small-font-size wp-block-paragraph\" style=\"margin-top:8px\">Promuoviamo l\u2019approccio strategico della tutela giurisdizionale, collaborando con il terzo settore e le realt\u00e0 associative impegnate nella promozione e difesa dei diritti umani.<\/p>\n\n\n\n<div class=\"wp-block-buttons is-content-justification-center is-layout-flex wp-container-core-buttons-is-layout-3e41869c wp-block-buttons-is-layout-flex\">\n<div class=\"wp-block-button is-style-outline is-style-outline--3\"><a class=\"wp-block-button__link has-text-align-center wp-element-button\" href=\"https:\/\/www.dt-studiolegale.com\/strategic-litigation\/\">Scopri di pi\u00f9 su Strategic Litigation<\/a><\/div>\n<\/div>\n<\/div>\n<\/div>\n<\/div>\n\n\n\n<div class=\"wp-block-group alignwide has-ast-global-color-1-background-color has-background is-layout-flow wp-block-group-is-layout-flow\" id=\"filosofia\" style=\"margin-top:3px;margin-bottom:3px;padding-top:6vw;padding-right:6vw;padding-bottom:6vw;padding-left:6vw\">\n<div class=\"wp-block-group is-vertical is-nowrap is-layout-flex wp-container-core-group-is-layout-a5cd18e8 wp-block-group-is-layout-flex\" style=\"padding-right:0;padding-left:0\">\n<h2 class=\"wp-block-heading has-ast-global-color-7-color has-text-color\" style=\"font-size:2vw\">Il nostro sguardo, un approccio basato sui diritti<\/h2>\n<\/div>\n\n\n\n<p class=\"wp-block-paragraph\"><em><mark style=\"background-color:rgba(0, 0, 0, 0)\" class=\"has-inline-color has-ast-global-color-8-color\">Dalla \u201cdifesa del cliente\u201d \u2026 alla tutela dei diritti<\/mark><\/em><\/p>\n\n\n\n<div class=\"wp-block-group alignwide is-vertical is-nowrap is-layout-flex wp-container-core-group-is-layout-d3fba8ef wp-block-group-is-layout-flex\" style=\"padding-top:0;padding-right:0;padding-bottom:0;padding-left:0\">\n<div class=\"wp-block-columns alignwide is-layout-flex wp-container-core-columns-is-layout-f184b86f wp-block-columns-is-layout-flex\">\n<div class=\"wp-block-column is-layout-flow wp-block-column-is-layout-flow\" style=\"flex-basis:50.29%\">\n<p class=\"has-ast-global-color-4-color has-text-color wp-block-paragraph\" style=\"font-size:17px\">Offriamo<strong> consulenza<\/strong>, <strong>difesa <\/strong>e <strong>formazione <\/strong>in materia di diritti umani e libert\u00e0 fondamentali, in Italia e in Europa.<\/p>\n\n\n\n<p class=\"has-ast-global-color-4-color has-text-color has-link-color wp-elements-0ba588937a0b50e16a7f286619a9d2e4 wp-block-paragraph\">Il nostro metodo segue un <strong>approccio giusfondamentale<\/strong> (<em>human rights-based approach<\/em>) che prende come punto di osservazione della realt\u00e0 giuridica e sociale i diritti umani e i principi costituzionali dello Stato di diritto.<\/p>\n\n\n\n<p class=\"has-ast-global-color-4-color has-text-color has-link-color wp-elements-a4f9e098344eafa9e9d7e7b9389f84c7 wp-block-paragraph\">Con questa questa chiave di interpretazione, ci \u00e8 possibile<strong> individuare rimedi, stumenti e argomenti inediti e innovativi<\/strong> che si rivelano vincenti per superare le doglianze tradizionali e i limiti e le carenze della giustizia nazionale e<strong> offrire all\u2019assistito soluzioni di tutela <\/strong>altrimenti non configurabili a legislazione vigente.<\/p>\n\n\n\n<p class=\"has-ast-global-color-4-color has-text-color has-link-color wp-elements-2e0d038f2fcd60eb9144520bc20a707a wp-block-paragraph\">In una parola, <strong>fronteggiamo la complessit\u00e0 con una lente nuova<\/strong> che consente di affrontare i problemi da prospettive diverse e alternative, e di individuare rimedi giuridici altrimenti non immaginabili.<\/p>\n<\/div>\n\n\n\n<div class=\"wp-block-column is-layout-flow wp-block-column-is-layout-flow\" style=\"flex-basis:49.71%\">\n<figure class=\"wp-block-image aligncenter size-full is-resized has-custom-border\"><img loading=\"lazy\" decoding=\"async\" width=\"1080\" height=\"1620\" src=\"https:\/\/www.dt-studiolegale.com\/wp-content\/uploads\/2025\/11\/image-21.jpg\" alt=\"Approccio basato sui diritti umani\" class=\"wp-image-426\" style=\"border-top-left-radius:12px;border-top-right-radius:12px;border-bottom-left-radius:12px;border-bottom-right-radius:12px;width:271px;height:auto\" srcset=\"https:\/\/www.dt-studiolegale.com\/wp-content\/uploads\/2025\/11\/image-21.jpg 1080w, https:\/\/www.dt-studiolegale.com\/wp-content\/uploads\/2025\/11\/image-21-200x300.jpg 200w, https:\/\/www.dt-studiolegale.com\/wp-content\/uploads\/2025\/11\/image-21-683x1024.jpg 683w, https:\/\/www.dt-studiolegale.com\/wp-content\/uploads\/2025\/11\/image-21-768x1152.jpg 768w, https:\/\/www.dt-studiolegale.com\/wp-content\/uploads\/2025\/11\/image-21-1024x1536.jpg 1024w\" sizes=\"auto, (max-width: 1080px) 100vw, 1080px\" \/><\/figure>\n<\/div>\n<\/div>\n\n\n\n<div class=\"wp-block-group is-horizontal is-content-justification-right is-nowrap is-layout-flex wp-container-core-group-is-layout-d0ed591f wp-block-group-is-layout-flex\" style=\"padding-right:0;padding-left:0\">\n<h2 class=\"wp-block-heading has-text-align-right has-ast-global-color-4-color has-text-color has-link-color wp-elements-44cdfa98c5ac73bfc5b83f98d7caf1ee\" style=\"padding-right:241px;padding-left:241px\">Il nostro impegno<\/h2>\n<\/div>\n\n\n\n<div class=\"wp-block-columns alignwide is-layout-flex wp-container-core-columns-is-layout-3c2300ee wp-block-columns-is-layout-flex\" style=\"padding-right:0;padding-left:0\">\n<div class=\"wp-block-column is-layout-flow wp-container-core-column-is-layout-1e516b81 wp-block-column-is-layout-flow\" style=\"padding-right:0;padding-left:0;flex-basis:30%\">\n<figure class=\"wp-block-image aligncenter size-large is-resized has-custom-border\" style=\"margin-right:0;margin-left:0\"><img loading=\"lazy\" decoding=\"async\" width=\"1080\" height=\"1620\" src=\"https:\/\/www.dt-studiolegale.com\/wp-content\/uploads\/2026\/02\/image-6.jpg\" alt=\"Impegno nella tutela dei diritti umani e dello Stato di Diritto in Italia e in Europa\" class=\"wp-image-845\" style=\"border-top-left-radius:12px;border-top-right-radius:12px;border-bottom-left-radius:12px;border-bottom-right-radius:12px;width:429px;height:auto\" srcset=\"https:\/\/www.dt-studiolegale.com\/wp-content\/uploads\/2026\/02\/image-6.jpg 1080w, https:\/\/www.dt-studiolegale.com\/wp-content\/uploads\/2026\/02\/image-6-200x300.jpg 200w, https:\/\/www.dt-studiolegale.com\/wp-content\/uploads\/2026\/02\/image-6-683x1024.jpg 683w, https:\/\/www.dt-studiolegale.com\/wp-content\/uploads\/2026\/02\/image-6-768x1152.jpg 768w, https:\/\/www.dt-studiolegale.com\/wp-content\/uploads\/2026\/02\/image-6-1024x1536.jpg 1024w\" sizes=\"auto, (max-width: 1080px) 100vw, 1080px\" \/><\/figure>\n<\/div>\n\n\n\n<div class=\"wp-block-column is-vertically-aligned-center is-layout-flow wp-block-column-is-layout-flow\" style=\"padding-right:var(--wp--preset--spacing--70);padding-left:var(--wp--preset--spacing--70);flex-basis:70%\">\n<p class=\"has-ast-global-color-4-color has-text-color wp-block-paragraph\" style=\"font-size:17px\">Nella nostra visione il diritto \u00e8 lo strumento per trasformare la societ\u00e0. Il cliente, con la sua domanda di giustizia, si rende protagonista di questa trasformazione e contribuisce cos\u00ec all\u2019evoluzione dell\u2019ordinamento.<br>La nostra missione \u00e8 accompagnare individui, enti e organizzazioni in ogni fase del percorso di tutela, fino alle corti sovranazionali, con una prospettiva integrata di diritto interno e internazionale.<br>Trasformiamo la conoscenza giuridica in strumenti di cambiamento sociale, unendo ascolto, strategia e azione.<\/p>\n\n\n\n<p class=\"has-ast-global-color-4-color has-text-color has-link-color wp-elements-279c35fe4718281bba707a2a532ad5be wp-block-paragraph\">Il nostro impegno si riconosce per:<\/p>\n\n\n\n<div class=\"wp-block-group is-layout-constrained wp-block-group-is-layout-constrained\">\n<ul class=\"wp-block-list\">\n<li class=\"has-ast-global-color-4-color has-text-color has-link-color wp-elements-8bf848535d49c79a7f1cd08314e9b4fb\"><mark style=\"background-color:rgba(0, 0, 0, 0)\" class=\"has-inline-color has-ast-global-color-4-color\"><strong>Competenza<\/strong>, come metodo e rigore ;<\/mark><\/li>\n\n\n\n<li class=\"has-ast-global-color-4-color has-text-color has-link-color wp-elements-1095ffacb61d6801e07d1b6088a9c5e6\"><mark style=\"background-color:rgba(0, 0, 0, 0)\" class=\"has-inline-color has-ast-global-color-8-color\"><strong>Fiducia<\/strong>, come base di ogni relazione tra professionista e cliente;<\/mark><\/li>\n\n\n\n<li class=\"has-ast-global-color-4-color has-text-color has-link-color wp-elements-7f243f38c192abb3d8083162641bf836\"><mark style=\"background-color:rgba(0, 0, 0, 0);color:#ffffff\" class=\"has-inline-color\"><strong>Responsabilit\u00e0<\/strong>, come deontologia e diligenza professionale;<\/mark><\/li>\n\n\n\n<li class=\"has-ast-global-color-4-color has-text-color has-link-color wp-elements-ca6fc62f5cbbb052dc73fd8a54332c10\"><strong>Vocazione internazionale<\/strong>, come il nostro valore aggiunto.<\/li>\n<\/ul>\n<\/div>\n<\/div>\n<\/div>\n<\/div>\n<\/div>\n\n\n\n<div class=\"inherit-container-width wp-block-group alignfull has-background-background-color has-background is-layout-constrained wp-container-core-group-is-layout-0929ae8f wp-block-group-is-layout-constrained\" id=\"squadra\" style=\"margin-top:var(--wp--preset--spacing--60);margin-bottom:var(--wp--preset--spacing--60);padding-top:var(--wp--preset--spacing--30);padding-right:var(--wp--preset--spacing--30);padding-bottom:var(--wp--preset--spacing--30);padding-left:var(--wp--preset--spacing--30)\">\n<h2 class=\"wp-block-heading has-text-align-center\">Un confronto pu\u00f2 essere il primo passo verso una soluzione.<\/h2>\n\n\n\n<p class=\"has-text-align-center wp-block-paragraph\" style=\"font-size:17px\">Siamo disponibili per ascoltare le tue esigenze e valutare insieme la migliore strategia di tutela. Compila il modulo qui sotto o scrivici direttamente: ti risponderemo nel pi\u00f9 breve tempo possibile.<\/p>\n\n\n\n<div class=\"wp-block-columns is-layout-flex wp-container-core-columns-is-layout-7387b849 wp-block-columns-is-layout-flex\">\n<div class=\"wp-block-column is-layout-flow wp-block-column-is-layout-flow\">\n<figure class=\"wp-block-image\"><img loading=\"lazy\" decoding=\"async\" width=\"1080\" height=\"720\" src=\"https:\/\/www.dt-studiolegale.com\/wp-content\/uploads\/2025\/12\/image-2.jpg\" alt=\"Contatta DT Studio Legale\" class=\"wp-image-455\" srcset=\"https:\/\/www.dt-studiolegale.com\/wp-content\/uploads\/2025\/12\/image-2.jpg 1080w, https:\/\/www.dt-studiolegale.com\/wp-content\/uploads\/2025\/12\/image-2-300x200.jpg 300w, https:\/\/www.dt-studiolegale.com\/wp-content\/uploads\/2025\/12\/image-2-1024x683.jpg 1024w, https:\/\/www.dt-studiolegale.com\/wp-content\/uploads\/2025\/12\/image-2-768x512.jpg 768w\" sizes=\"auto, (max-width: 1080px) 100vw, 1080px\" \/><\/figure>\n<\/div>\n\n\n\n<div class=\"wp-block-column is-layout-flow wp-block-column-is-layout-flow\"><div class=\"wpforms-container wpforms-block wpforms-block-795b1733-3df1-42c6-be49-5014e23d597d wpforms-render-modern\" id=\"wpforms-13\"><form id=\"wpforms-form-13\" class=\"wpforms-validate wpforms-form wpforms-ajax-form\" data-formid=\"13\" method=\"post\" enctype=\"multipart\/form-data\" action=\"\/en\/wp-json\/wp\/v2\/pages\/449\" data-token=\"0fd651f15be907afb7019936bf03ff69\" data-token-time=\"1788511821\"><noscript class=\"wpforms-error-noscript\">Please enable JavaScript in your browser to complete this form.<\/noscript><div id=\"wpforms-error-noscript\" style=\"display: none;\">Please enable JavaScript in your browser to complete this form.<\/div><div class=\"wpforms-field-container\">\t\t<div id=\"wpforms-13-field_5-container\"\n\t\t\tclass=\"wpforms-field wpforms-field-text\"\n\t\t\tdata-field-type=\"text\"\n\t\t\tdata-field-id=\"5\"\n\t\t\t>\n\t\t\t<label class=\"wpforms-field-label\" for=\"wpforms-13-field_5\" >Oggetto Nome Messaggio<\/label>\n\t\t\t<input type=\"text\" id=\"wpforms-13-field_5\" class=\"wpforms-field-medium\" name=\"wpforms[fields][5]\" >\n\t\t<\/div>\n\t\t<div id=\"wpforms-13-field_1-container\" class=\"wpforms-field wpforms-field-name\" data-field-id=\"1\"><fieldset><legend class=\"wpforms-field-label\">Nome <span class=\"wpforms-required-label\" aria-hidden=\"true\">*<\/span><\/legend><div class=\"wpforms-field-row wpforms-field-medium\"><div class=\"wpforms-field-row-block wpforms-first wpforms-one-half\"><input type=\"text\" id=\"wpforms-13-field_1\" class=\"wpforms-field-name-first wpforms-field-required\" name=\"wpforms[fields][1][first]\" aria-errormessage=\"wpforms-13-field_1-error\" required><label for=\"wpforms-13-field_1\" class=\"wpforms-field-sublabel after\">First<\/label><\/div><div class=\"wpforms-field-row-block wpforms-one-half\"><input type=\"text\" id=\"wpforms-13-field_1-last\" class=\"wpforms-field-name-last wpforms-field-required\" name=\"wpforms[fields][1][last]\" aria-errormessage=\"wpforms-13-field_1-last-error\" required><label for=\"wpforms-13-field_1-last\" class=\"wpforms-field-sublabel after\">Last<\/label><\/div><\/div><\/fieldset><\/div><div id=\"wpforms-13-field_2-container\" class=\"wpforms-field wpforms-field-email\" data-field-id=\"2\"><label class=\"wpforms-field-label\" for=\"wpforms-13-field_2\">Email <span class=\"wpforms-required-label\" aria-hidden=\"true\">*<\/span><\/label><input type=\"email\" id=\"wpforms-13-field_2\" class=\"wpforms-field-medium wpforms-field-required\" name=\"wpforms[fields][2]\" spellcheck=\"false\" aria-errormessage=\"wpforms-13-field_2-error\" required><\/div><div id=\"wpforms-13-field_4-container\" class=\"wpforms-field wpforms-field-textarea\" data-field-id=\"4\"><label class=\"wpforms-field-label\" for=\"wpforms-13-field_4\">Oggetto <span class=\"wpforms-required-label\" aria-hidden=\"true\">*<\/span><\/label><textarea id=\"wpforms-13-field_4\" class=\"wpforms-field-small wpforms-field-required\" name=\"wpforms[fields][4]\" aria-errormessage=\"wpforms-13-field_4-error\" required><\/textarea><\/div><div id=\"wpforms-13-field_3-container\" class=\"wpforms-field wpforms-field-textarea\" data-field-id=\"3\"><label class=\"wpforms-field-label\" for=\"wpforms-13-field_3\">Messaggio<\/label><textarea id=\"wpforms-13-field_3\" class=\"wpforms-field-medium\" name=\"wpforms[fields][3]\" aria-errormessage=\"wpforms-13-field_3-error\" ><\/textarea><\/div><script>\n\t\t\t\t( function() {\n\t\t\t\t\tconst style = document.createElement( 'style' );\n\t\t\t\t\tstyle.appendChild( document.createTextNode( '#wpforms-13-field_5-container { position: absolute !important; overflow: hidden !important; display: inline !important; height: 1px !important; width: 1px !important; z-index: -1000 !important; padding: 0 !important; } #wpforms-13-field_5-container input { visibility: hidden; } #wpforms-conversational-form-page #wpforms-13-field_5-container label { counter-increment: none; }' ) );\n\t\t\t\t\tdocument.head.appendChild( style );\n\t\t\t\t\tdocument.currentScript?.remove();\n\t\t\t\t} )();\n\t\t\t<\/script><\/div><!-- .wpforms-field-container --><div class=\"wpforms-submit-container\" ><input type=\"hidden\" name=\"wpforms[id]\" value=\"13\"><input type=\"hidden\" name=\"page_title\" value=\"\"><input type=\"hidden\" name=\"page_url\" value=\"https:\/\/www.dt-studiolegale.com\/en\/wp-json\/wp\/v2\/pages\/449\"><input type=\"hidden\" name=\"url_referer\" value=\"\"><button type=\"submit\" name=\"wpforms[submit]\" id=\"wpforms-submit-13\" class=\"wpforms-submit\" data-alt-text=\"Invio in corso...\" data-submit-text=\"Invia\" aria-live=\"assertive\" value=\"wpforms-submit\">Invia<\/button><img loading=\"lazy\" decoding=\"async\" src=\"https:\/\/www.dt-studiolegale.com\/wp-content\/plugins\/wpforms-lite\/assets\/images\/submit-spin.svg\" class=\"wpforms-submit-spinner\" style=\"display: none;\" width=\"26\" height=\"26\" alt=\"Loading\"><\/div><\/form><\/div>  <!-- .wpforms-container --><\/div>\n<\/div>\n<\/div>\n<\/div>\n","protected":false},"excerpt":{"rendered":"<p>La nostra storia Lo Studio Diritti e Tutele&nbsp;nasce dall\u2019incontro tra competenze eterogenee e sinergiche. La nostra professionalit\u00e0 si fonda su [&hellip;]<\/p>\n","protected":false},"author":1,"featured_media":0,"parent":0,"menu_order":0,"comment_status":"closed","ping_status":"closed","template":"","meta":{"_uag_custom_page_level_css":"","site-sidebar-layout":"default","site-content-layout":"","ast-site-content-layout":"default","site-content-style":"default","site-sidebar-style":"default","ast-global-header-display":"","ast-banner-title-visibility":"","ast-main-header-display":"","ast-hfb-above-header-display":"","ast-hfb-below-header-display":"","ast-hfb-mobile-header-display":"","site-post-title":"disabled","ast-breadcrumbs-content":"","ast-featured-img":"","footer-sml-layout":"","ast-disable-related-posts":"","theme-transparent-header-meta":"","adv-header-id-meta":"","stick-header-meta":"","header-above-stick-meta":"","header-main-stick-meta":"","header-below-stick-meta":"","astra-migrate-meta-layouts":"default","ast-page-background-enabled":"default","ast-page-background-meta":{"desktop":{"background-color":"var(--ast-global-color-5)","background-image":"","background-repeat":"repeat","background-position":"center center","background-size":"auto","background-attachment":"scroll","background-type":"","background-media":"","overlay-type":"","overlay-color":"","overlay-opacity":"","overlay-gradient":""},"tablet":{"background-color":"","background-image":"","background-repeat":"repeat","background-position":"center center","background-size":"auto","background-attachment":"scroll","background-type":"","background-media":"","overlay-type":"","overlay-color":"","overlay-opacity":"","overlay-gradient":""},"mobile":{"background-color":"","background-image":"","background-repeat":"repeat","background-position":"center center","background-size":"auto","background-attachment":"scroll","background-type":"","background-media":"","overlay-type":"","overlay-color":"","overlay-opacity":"","overlay-gradient":""}},"ast-content-background-meta":{"desktop":{"background-color":"var(--ast-global-color-4)","background-image":"","background-repeat":"repeat","background-position":"center center","background-size":"auto","background-attachment":"scroll","background-type":"","background-media":"","overlay-type":"","overlay-color":"","overlay-opacity":"","overlay-gradient":""},"tablet":{"background-color":"var(--ast-global-color-4)","background-image":"","background-repeat":"repeat","background-position":"center center","background-size":"auto","background-attachment":"scroll","background-type":"","background-media":"","overlay-type":"","overlay-color":"","overlay-opacity":"","overlay-gradient":""},"mobile":{"background-color":"var(--ast-global-color-4)","background-image":"","background-repeat":"repeat","background-position":"center center","background-size":"auto","background-attachment":"scroll","background-type":"","background-media":"","overlay-type":"","overlay-color":"","overlay-opacity":"","overlay-gradient":""}},"footnotes":""},"class_list":["post-449","page","type-page","status-publish","hentry"],"yoast_head":"<!-- This site is optimized with the Yoast SEO plugin v28.3 - https:\/\/yoast.com\/product\/yoast-seo-wordpress\/ -->\n<title>Lo Studio - Valori, Visione e Metodo | DT Studio Legale<\/title>\n<meta name=\"description\" content=\"Scopri la filosofia del nostro Studio Legale a Firenze: un approccio ai diritti centrato sulla persona, la trasparenza e la responsabilit\u00e0.\" \/>\n<meta name=\"robots\" content=\"index, follow, max-snippet:-1, max-image-preview:large, max-video-preview:-1\" \/>\n<link rel=\"canonical\" href=\"https:\/\/www.dt-studiolegale.com\/en\/lo-studio\/\" \/>\n<meta property=\"og:locale\" content=\"en_GB\" \/>\n<meta property=\"og:type\" content=\"article\" \/>\n<meta property=\"og:title\" content=\"Lo Studio - Valori, Visione e Metodo | DT Studio Legale\" \/>\n<meta property=\"og:description\" content=\"Scopri la filosofia del nostro Studio Legale a Firenze: un approccio ai diritti centrato sulla persona, la trasparenza e la responsabilit\u00e0.\" \/>\n<meta property=\"og:url\" content=\"https:\/\/www.dt-studiolegale.com\/en\/lo-studio\/\" \/>\n<meta property=\"og:site_name\" content=\"DT Studio Legale\" \/>\n<meta property=\"article:modified_time\" content=\"2026-03-10T11:00:05+00:00\" \/>\n<meta property=\"og:image\" content=\"https:\/\/www.dt-studiolegale.com\/wp-content\/uploads\/2025\/12\/image-1.jpg\" \/>\n\t<meta property=\"og:image:width\" content=\"1080\" \/>\n\t<meta property=\"og:image:height\" content=\"720\" \/>\n\t<meta property=\"og:image:type\" content=\"image\/jpeg\" \/>\n<meta name=\"twitter:card\" content=\"summary_large_image\" \/>\n<meta name=\"twitter:label1\" content=\"Estimated reading time\" \/>\n\t<meta name=\"twitter:data1\" content=\"4 minutes\" \/>\n<script type=\"application\/ld+json\" class=\"yoast-schema-graph\">{\"@context\":\"https:\\\/\\\/schema.org\",\"@graph\":[{\"@type\":\"WebPage\",\"@id\":\"https:\\\/\\\/www.dt-studiolegale.com\\\/lo-studio\\\/\",\"url\":\"https:\\\/\\\/www.dt-studiolegale.com\\\/lo-studio\\\/\",\"name\":\"Lo Studio - Valori, Visione e Metodo | DT Studio Legale\",\"isPartOf\":{\"@id\":\"https:\\\/\\\/www.dt-studiolegale.com\\\/#website\"},\"primaryImageOfPage\":{\"@id\":\"https:\\\/\\\/www.dt-studiolegale.com\\\/lo-studio\\\/#primaryimage\"},\"image\":{\"@id\":\"https:\\\/\\\/www.dt-studiolegale.com\\\/lo-studio\\\/#primaryimage\"},\"thumbnailUrl\":\"https:\\\/\\\/www.dt-studiolegale.com\\\/wp-content\\\/uploads\\\/2025\\\/12\\\/image-1.jpg\",\"datePublished\":\"2025-12-15T11:06:13+00:00\",\"dateModified\":\"2026-03-10T11:00:05+00:00\",\"description\":\"Scopri la filosofia del nostro Studio Legale a Firenze: un approccio ai diritti centrato sulla persona, la trasparenza e la responsabilit\u00e0.\",\"breadcrumb\":{\"@id\":\"https:\\\/\\\/www.dt-studiolegale.com\\\/lo-studio\\\/#breadcrumb\"},\"inLanguage\":\"en-GB\",\"potentialAction\":[{\"@type\":\"ReadAction\",\"target\":[\"https:\\\/\\\/www.dt-studiolegale.com\\\/lo-studio\\\/\"]}]},{\"@type\":\"ImageObject\",\"inLanguage\":\"en-GB\",\"@id\":\"https:\\\/\\\/www.dt-studiolegale.com\\\/lo-studio\\\/#primaryimage\",\"url\":\"https:\\\/\\\/www.dt-studiolegale.com\\\/wp-content\\\/uploads\\\/2025\\\/12\\\/image-1.jpg\",\"contentUrl\":\"https:\\\/\\\/www.dt-studiolegale.com\\\/wp-content\\\/uploads\\\/2025\\\/12\\\/image-1.jpg\"},{\"@type\":\"BreadcrumbList\",\"@id\":\"https:\\\/\\\/www.dt-studiolegale.com\\\/lo-studio\\\/#breadcrumb\",\"itemListElement\":[{\"@type\":\"ListItem\",\"position\":1,\"name\":\"Home\",\"item\":\"https:\\\/\\\/www.dt-studiolegale.com\\\/\"},{\"@type\":\"ListItem\",\"position\":2,\"name\":\"Lo Studio\"}]},{\"@type\":\"WebSite\",\"@id\":\"https:\\\/\\\/www.dt-studiolegale.com\\\/#website\",\"url\":\"https:\\\/\\\/www.dt-studiolegale.com\\\/\",\"name\":\"DT Studio Legale\",\"description\":\"Difendiamo i diritti umani in Italia e in Europa\",\"publisher\":{\"@id\":\"https:\\\/\\\/www.dt-studiolegale.com\\\/#organization\"},\"potentialAction\":[{\"@type\":\"SearchAction\",\"target\":{\"@type\":\"EntryPoint\",\"urlTemplate\":\"https:\\\/\\\/www.dt-studiolegale.com\\\/?s={search_term_string}\"},\"query-input\":{\"@type\":\"PropertyValueSpecification\",\"valueRequired\":true,\"valueName\":\"search_term_string\"}}],\"inLanguage\":\"en-GB\"},{\"@type\":\"Organization\",\"@id\":\"https:\\\/\\\/www.dt-studiolegale.com\\\/#organization\",\"name\":\"DT Studio Legale\",\"url\":\"https:\\\/\\\/www.dt-studiolegale.com\\\/\",\"logo\":{\"@type\":\"ImageObject\",\"inLanguage\":\"en-GB\",\"@id\":\"https:\\\/\\\/www.dt-studiolegale.com\\\/#\\\/schema\\\/logo\\\/image\\\/\",\"url\":\"https:\\\/\\\/www.dt-studiolegale.com\\\/wp-content\\\/uploads\\\/2025\\\/11\\\/cropped-logo-chiaro-diritti-e-tutele-studio-legale.png\",\"contentUrl\":\"https:\\\/\\\/www.dt-studiolegale.com\\\/wp-content\\\/uploads\\\/2025\\\/11\\\/cropped-logo-chiaro-diritti-e-tutele-studio-legale.png\",\"width\":500,\"height\":500,\"caption\":\"DT Studio Legale\"},\"image\":{\"@id\":\"https:\\\/\\\/www.dt-studiolegale.com\\\/#\\\/schema\\\/logo\\\/image\\\/\"}}]}<\/script>\n<!-- \/ Yoast SEO plugin. -->","yoast_head_json":{"title":"Lo Studio - Valori, Visione e Metodo | DT Studio Legale","description":"Scopri la filosofia del nostro Studio Legale a Firenze: un approccio ai diritti centrato sulla persona, la trasparenza e la responsabilit\u00e0.","robots":{"index":"index","follow":"follow","max-snippet":"max-snippet:-1","max-image-preview":"max-image-preview:large","max-video-preview":"max-video-preview:-1"},"canonical":"https:\/\/www.dt-studiolegale.com\/en\/lo-studio\/","og_locale":"en_GB","og_type":"article","og_title":"Lo Studio - Valori, Visione e Metodo | DT Studio Legale","og_description":"Scopri la filosofia del nostro Studio Legale a Firenze: un approccio ai diritti centrato sulla persona, la trasparenza e la responsabilit\u00e0.","og_url":"https:\/\/www.dt-studiolegale.com\/en\/lo-studio\/","og_site_name":"DT Studio Legale","article_modified_time":"2026-03-10T11:00:05+00:00","og_image":[{"width":1080,"height":720,"url":"https:\/\/www.dt-studiolegale.com\/wp-content\/uploads\/2025\/12\/image-1.jpg","type":"image\/jpeg"}],"twitter_card":"summary_large_image","twitter_misc":{"Estimated reading time":"4 minutes"},"schema":{"@context":"https:\/\/schema.org","@graph":[{"@type":"WebPage","@id":"https:\/\/www.dt-studiolegale.com\/lo-studio\/","url":"https:\/\/www.dt-studiolegale.com\/lo-studio\/","name":"Lo Studio - Valori, Visione e Metodo | DT Studio Legale","isPartOf":{"@id":"https:\/\/www.dt-studiolegale.com\/#website"},"primaryImageOfPage":{"@id":"https:\/\/www.dt-studiolegale.com\/lo-studio\/#primaryimage"},"image":{"@id":"https:\/\/www.dt-studiolegale.com\/lo-studio\/#primaryimage"},"thumbnailUrl":"https:\/\/www.dt-studiolegale.com\/wp-content\/uploads\/2025\/12\/image-1.jpg","datePublished":"2025-12-15T11:06:13+00:00","dateModified":"2026-03-10T11:00:05+00:00","description":"Scopri la filosofia del nostro Studio Legale a Firenze: un approccio ai diritti centrato sulla persona, la trasparenza e la responsabilit\u00e0.","breadcrumb":{"@id":"https:\/\/www.dt-studiolegale.com\/lo-studio\/#breadcrumb"},"inLanguage":"en-GB","potentialAction":[{"@type":"ReadAction","target":["https:\/\/www.dt-studiolegale.com\/lo-studio\/"]}]},{"@type":"ImageObject","inLanguage":"en-GB","@id":"https:\/\/www.dt-studiolegale.com\/lo-studio\/#primaryimage","url":"https:\/\/www.dt-studiolegale.com\/wp-content\/uploads\/2025\/12\/image-1.jpg","contentUrl":"https:\/\/www.dt-studiolegale.com\/wp-content\/uploads\/2025\/12\/image-1.jpg"},{"@type":"BreadcrumbList","@id":"https:\/\/www.dt-studiolegale.com\/lo-studio\/#breadcrumb","itemListElement":[{"@type":"ListItem","position":1,"name":"Home","item":"https:\/\/www.dt-studiolegale.com\/"},{"@type":"ListItem","position":2,"name":"Lo Studio"}]},{"@type":"WebSite","@id":"https:\/\/www.dt-studiolegale.com\/#website","url":"https:\/\/www.dt-studiolegale.com\/","name":"DT Studio Legale","description":"Difendiamo i diritti umani in Italia e in Europa","publisher":{"@id":"https:\/\/www.dt-studiolegale.com\/#organization"},"potentialAction":[{"@type":"SearchAction","target":{"@type":"EntryPoint","urlTemplate":"https:\/\/www.dt-studiolegale.com\/?s={search_term_string}"},"query-input":{"@type":"PropertyValueSpecification","valueRequired":true,"valueName":"search_term_string"}}],"inLanguage":"en-GB"},{"@type":"Organization","@id":"https:\/\/www.dt-studiolegale.com\/#organization","name":"DT Studio Legale","url":"https:\/\/www.dt-studiolegale.com\/","logo":{"@type":"ImageObject","inLanguage":"en-GB","@id":"https:\/\/www.dt-studiolegale.com\/#\/schema\/logo\/image\/","url":"https:\/\/www.dt-studiolegale.com\/wp-content\/uploads\/2025\/11\/cropped-logo-chiaro-diritti-e-tutele-studio-legale.png","contentUrl":"https:\/\/www.dt-studiolegale.com\/wp-content\/uploads\/2025\/11\/cropped-logo-chiaro-diritti-e-tutele-studio-legale.png","width":500,"height":500,"caption":"DT Studio Legale"},"image":{"@id":"https:\/\/www.dt-studiolegale.com\/#\/schema\/logo\/image\/"}}]}},"uagb_featured_image_src":{"full":false,"thumbnail":false,"medium":false,"medium_large":false,"large":false,"1536x1536":false,"2048x2048":false,"trp-custom-language-flag":false},"uagb_author_info":{"display_name":"Gestore","author_link":"https:\/\/www.dt-studiolegale.com\/en\/author\/wp_12189562\/"},"uagb_comment_info":0,"uagb_excerpt":"La nostra storia Lo Studio Diritti e Tutele&nbsp;nasce dall\u2019incontro tra competenze eterogenee e sinergiche. La nostra professionalit\u00e0 si fonda su [&hellip;]","_links":{"self":[{"href":"https:\/\/www.dt-studiolegale.com\/en\/wp-json\/wp\/v2\/pages\/449","targetHints":{"allow":["GET"]}}],"collection":[{"href":"https:\/\/www.dt-studiolegale.com\/en\/wp-json\/wp\/v2\/pages"}],"about":[{"href":"https:\/\/www.dt-studiolegale.com\/en\/wp-json\/wp\/v2\/types\/page"}],"author":[{"embeddable":true,"href":"https:\/\/www.dt-studiolegale.com\/en\/wp-json\/wp\/v2\/users\/1"}],"replies":[{"embeddable":true,"href":"https:\/\/www.dt-studiolegale.com\/en\/wp-json\/wp\/v2\/comments?post=449"}],"version-history":[{"count":12,"href":"https:\/\/www.dt-studiolegale.com\/en\/wp-json\/wp\/v2\/pages\/449\/revisions"}],"predecessor-version":[{"id":1084,"href":"https:\/\/www.dt-studiolegale.com\/en\/wp-json\/wp\/v2\/pages\/449\/revisions\/1084"}],"wp:attachment":[{"href":"https:\/\/www.dt-studiolegale.com\/en\/wp-json\/wp\/v2\/media?parent=449"}],"curies":[{"name":"wp","href":"https:\/\/api.w.org\/{rel}","templated":true}]}}